{"id":2050,"date":"2021-02-14T16:19:18","date_gmt":"2021-02-14T14:19:18","guid":{"rendered":"https:\/\/lamoixina.com\/la-carta\/"},"modified":"2026-02-20T09:10:30","modified_gmt":"2026-02-20T07:10:30","slug":"la-carta","status":"publish","type":"page","link":"https:\/\/lamoixina.com\/es\/cartas-restaurante\/la-carta\/","title":{"rendered":"La Carta"},"content":{"rendered":"<div class=\"wpb-content-wrapper\"><p>[vc_row full_width=\u00bbstretch_row_content_no_spaces\u00bb gap=\u00bb5&#8243; equal_height=\u00bbyes\u00bb css=\u00bb.vc_custom_1612978271544{margin-top: 0px !important;margin-right: 0px !important;margin-bottom: 0px !important;margin-left: 0px !important;border-top-width: 0px !important;border-right-width: 0px !important;border-bottom-width: 0px !important;border-left-width: 0px !important;padding-top: 0px !important;padding-right: 0px !important;padding-bottom: 0px !important;padding-left: 0px !important;background-color: #ffffff !important;background-position: 0 0 !important;background-repeat: no-repeat !important;}\u00bb][vc_column css=\u00bb.vc_custom_1616759331813{margin-top: 0px !important;margin-right: 0px !important;margin-bottom: 0px !important;margin-left: 0px !important;border-top-width: 0px !important;border-right-width: 0px !important;border-bottom-width: 0px !important;border-left-width: 0px !important;padding-top: 10% !important;padding-right: 5% !important;padding-bottom: 10% !important;padding-left: 5% !important;background-color: #95493c !important;}\u00bb]<div id=\"ultimate-heading-939169f45997149ff\" class=\"uvc-heading ult-adjust-bottom-margin ultimate-heading-939169f45997149ff uvc-5504 \" data-hspacer=\"no_spacer\"  data-halign=\"center\" style=\"text-align:center\"><div class=\"uvc-heading-spacer no_spacer\" style=\"top\"><\/div><div class=\"uvc-main-heading ult-responsive\"  data-ultimate-target='.uvc-heading.ultimate-heading-939169f45997149ff h1'  data-responsive-json-new='{\"font-size\":\"desktop:60px;tablet:50px;tablet_portrait:50px;mobile_landscape:50px;mobile:40px;\",\"line-height\":\"\"}' ><h1 style=\"--font-weight:theme;color:#ffffff;\">LA CARTA<\/h1><\/div><\/div>[\/vc_column][\/vc_row][vc_row][vc_column css=\u00bb.vc_custom_1612977584073{padding-top: 5% !important;padding-bottom: 5% !important;}\u00bb][vc_accordion active_tab=\u00bbfalse\u00bb collapsible=\u00bbyes\u00bb title_size=\u00bbh1&#8243; style=\u00bb2&#8243;][vc_accordion_tab title=\u00bbENTRANTES\u00bb][vc_column_text css=\u00bb.vc_custom_1771570699437{padding-top: 3% !important;padding-right: 5% !important;padding-bottom: 3% !important;padding-left: 5% !important;}\u00bb]<em><img loading=\"lazy\" decoding=\"async\" src=\"https:\/\/lamoixina.com\/wp-content\/uploads\/2021\/02\/plats-cuina-volcanica-olot.png\" alt=\"\" width=\"20\" height=\"19\" \/><img loading=\"lazy\" decoding=\"async\" src=\"https:\/\/lamoixina.com\/wp-content\/uploads\/2021\/02\/plats-sense-gluten-restaurant-olot.svg\" alt=\"\" width=\"20\" height=\"20\" \/><\/em> Ensalada de frutos rojos, saquito de queso de cabra y vinagreta de miel 12,30<br \/>\nPaletilla de bellota, etiqueta negra, 90% raza ib\u00e9rica y pan de cristal con tomate 25,80<br \/>\nMicuit de pato con mermelada de higos y tostadas de pan de coca 19,95<br \/>\n<em><img loading=\"lazy\" decoding=\"async\" src=\"https:\/\/lamoixina.com\/wp-content\/uploads\/2021\/02\/plats-cuina-volcanica-olot.png\" alt=\"\" width=\"20\" height=\"19\" \/><\/em>\u00a0Steak tartar de ternera de la comarca con encurtidos, anchoas y crema de berenjena ahumada 23,00<br \/>\n<em><img loading=\"lazy\" decoding=\"async\" src=\"https:\/\/lamoixina.com\/wp-content\/uploads\/2021\/02\/plats-cuina-volcanica-olot.png\" alt=\"\" width=\"20\" height=\"19\" \/><img loading=\"lazy\" decoding=\"async\" src=\"https:\/\/lamoixina.com\/wp-content\/uploads\/2021\/02\/plats-sense-gluten-restaurant-olot.svg\" alt=\"\" width=\"20\" height=\"20\" \/><\/em> Carpaccio de ternera con olivada y queso de oveja de Mas Farr\u00f316,95<br \/>\n<em><img loading=\"lazy\" decoding=\"async\" src=\"https:\/\/lamoixina.com\/wp-content\/uploads\/2021\/02\/plats-sense-gluten-restaurant-olot.svg\" alt=\"\" width=\"20\" height=\"20\" \/><\/em> Crema de temporada con su complemento 8,65<br \/>\n<em><img loading=\"lazy\" decoding=\"async\" src=\"https:\/\/lamoixina.com\/wp-content\/uploads\/2021\/02\/plats-cuina-volcanica-olot.png\" alt=\"\" width=\"20\" height=\"19\" \/><\/em>\u00a0Brandada de bacalao con tostadas y mermelada de tomate13,95<br \/>\n<em><img loading=\"lazy\" decoding=\"async\" src=\"https:\/\/lamoixina.com\/wp-content\/uploads\/2021\/02\/plats-cuina-volcanica-olot.png\" alt=\"\" width=\"20\" height=\"19\" \/><img loading=\"lazy\" decoding=\"async\" src=\"https:\/\/lamoixina.com\/wp-content\/uploads\/2021\/02\/plats-sense-gluten-restaurant-olot.svg\" alt=\"\" width=\"20\" height=\"20\" \/><\/em> Verduras del huerto a la plancha con aceite virgen y cristales de sal 14,95<br \/>\n<em><img loading=\"lazy\" decoding=\"async\" src=\"https:\/\/lamoixina.com\/wp-content\/uploads\/2021\/02\/plats-sense-gluten-restaurant-olot.svg\" alt=\"\" width=\"20\" height=\"20\" \/><\/em> Pulpo con patatas confi tadas y aceite de piment\u00f3n 21,65<br \/>\n<em><img loading=\"lazy\" decoding=\"async\" src=\"https:\/\/lamoixina.com\/wp-content\/uploads\/2021\/02\/plats-cuina-volcanica-olot.png\" alt=\"\" width=\"20\" height=\"19\" \/><\/em>\u00a0Nuestros canelones gratinados 9,90<br \/>\n<em><img loading=\"lazy\" decoding=\"async\" src=\"https:\/\/lamoixina.com\/wp-content\/uploads\/2021\/02\/plats-cuina-volcanica-olot.png\" alt=\"\" width=\"20\" height=\"19\" \/><\/em>\u00a0Patatas de Olot con carne asada y l\u00e1grima de hummus de jud\u00edas de la Garrotxa 12,85<br \/>\n<em><img loading=\"lazy\" decoding=\"async\" src=\"https:\/\/lamoixina.com\/wp-content\/uploads\/2021\/02\/plats-cuina-volcanica-olot.png\" alt=\"\" width=\"20\" height=\"19\" \/><img loading=\"lazy\" decoding=\"async\" src=\"https:\/\/lamoixina.com\/wp-content\/uploads\/2021\/02\/plats-sense-gluten-restaurant-olot.svg\" alt=\"\" width=\"20\" height=\"20\" \/><\/em> Caracoles con sal y pimienta al horno con dos salsas 18,00[\/vc_column_text][\/vc_accordion_tab][vc_accordion_tab title=\u00bbPAELLAS\u00bb][vc_column_text css=\u00bb.vc_custom_1771570790473{padding-top: 3% !important;padding-right: 5% !important;padding-bottom: 3% !important;padding-left: 5% !important;}\u00bb]<em><img loading=\"lazy\" decoding=\"async\" src=\"https:\/\/lamoixina.com\/wp-content\/uploads\/2021\/02\/plats-sense-gluten-restaurant-olot.svg\" alt=\"\" width=\"20\" height=\"20\" \/><\/em> Paella mixta con arroz de Pals al estilo de La Moixina 18,60<br \/>\n<em><img loading=\"lazy\" decoding=\"async\" src=\"https:\/\/lamoixina.com\/wp-content\/uploads\/2021\/02\/plats-sense-gluten-restaurant-olot.svg\" alt=\"\" width=\"20\" height=\"20\" \/><\/em> Paella de pescado con arroz de Pals al estilo de La Moixina 21,50<br \/>\n<em><img loading=\"lazy\" decoding=\"async\" src=\"https:\/\/lamoixina.com\/wp-content\/uploads\/2021\/02\/plats-sense-gluten-restaurant-olot.svg\" alt=\"\" width=\"20\" height=\"20\" \/><\/em> Arroz caldoso de boletus y gambas 28,00<br \/>\n<em><img loading=\"lazy\" decoding=\"async\" src=\"https:\/\/lamoixina.com\/wp-content\/uploads\/2021\/02\/plats-sense-gluten-restaurant-olot.svg\" alt=\"\" width=\"20\" height=\"20\" \/><\/em> Arroz de verdura 16,50<br \/>\n<em><img loading=\"lazy\" decoding=\"async\" src=\"https:\/\/lamoixina.com\/wp-content\/uploads\/2021\/02\/plats-sense-gluten-restaurant-olot.svg\" alt=\"\" width=\"20\" height=\"20\" \/><\/em> Fideu\u00e1 de sepia y gamba 17,50[\/vc_column_text][\/vc_accordion_tab][vc_accordion_tab title=\u00bbPESCADO\u00bb][vc_column_text css=\u00bb.vc_custom_1771570892722{padding-top: 3% !important;padding-right: 5% !important;padding-bottom: 3% !important;padding-left: 5% !important;}\u00bb]<\/p>\n<div class=\"page\" title=\"Page 3\">\n<div class=\"layoutArea\">\n<div class=\"column\">\n<p style=\"text-align: left;\">Calamares a la romana 16,80<br \/>\n<img loading=\"lazy\" decoding=\"async\" src=\"https:\/\/lamoixina.com\/wp-content\/uploads\/2021\/02\/plats-sense-gluten-restaurant-olot.svg\" alt=\"\" width=\"20\" height=\"20\" \/> Calamares de costa a la plancha con ajo, perejil y verduras 17,90<br \/>\n<img loading=\"lazy\" decoding=\"async\" src=\"https:\/\/lamoixina.com\/wp-content\/uploads\/2021\/02\/plats-sense-gluten-restaurant-olot.svg\" alt=\"\" width=\"20\" height=\"20\" \/> Suprema de rodaballo a la plancha, con crema de apionabo y veloutte de marisco y mejillones 25,45<br \/>\n<img loading=\"lazy\" decoding=\"async\" src=\"https:\/\/lamoixina.com\/wp-content\/uploads\/2021\/02\/plats-sense-gluten-restaurant-olot.svg\" alt=\"\" width=\"20\" height=\"20\" \/> Lubina salvaje a la plancha acompa\u00f1ada de verduritas 27,30<br \/>\n<img loading=\"lazy\" decoding=\"async\" src=\"https:\/\/lamoixina.com\/wp-content\/uploads\/2021\/02\/plats-sense-gluten-restaurant-olot.svg\" alt=\"\" width=\"20\" height=\"20\" \/> Nuestra bullabesa (solo por encargo)<br \/>\n<img loading=\"lazy\" decoding=\"async\" src=\"https:\/\/lamoixina.com\/wp-content\/uploads\/2021\/02\/plats-sense-gluten-restaurant-olot.svg\" alt=\"\" width=\"20\" height=\"20\" \/> Zarzuela de pescado variado de costa (solo por encargo)<br \/>\n<img loading=\"lazy\" decoding=\"async\" src=\"https:\/\/lamoixina.com\/wp-content\/uploads\/2021\/02\/plats-sense-gluten-restaurant-olot.svg\" alt=\"\" width=\"20\" height=\"20\" \/> Mariscada cl\u00e1sica (solo por encargo)<\/p>\n<\/div>\n<\/div>\n<\/div>\n<p>[\/vc_column_text][\/vc_accordion_tab][vc_accordion_tab title=\u00bbCARNES\u00bb][vc_column_text css=\u00bb.vc_custom_1771571110179{padding-top: 3% !important;padding-right: 5% !important;padding-bottom: 3% !important;padding-left: 5% !important;}\u00bb]<\/p>\n<p style=\"text-align: left;\"><img loading=\"lazy\" decoding=\"async\" src=\"https:\/\/lamoixina.com\/wp-content\/uploads\/2021\/02\/plats-cuina-volcanica-olot.png\" alt=\"\" width=\"20\" height=\"19\" \/><img loading=\"lazy\" decoding=\"async\" src=\"https:\/\/lamoixina.com\/wp-content\/uploads\/2021\/02\/plats-sense-gluten-restaurant-olot.svg\" alt=\"\" width=\"20\" height=\"20\" \/> \u00a0Costillas y chuletas de cordero de reba\u00f1o a la brasa con su guarnici\u00f3n 22,90<br \/>\n<img loading=\"lazy\" decoding=\"async\" src=\"https:\/\/lamoixina.com\/wp-content\/uploads\/2021\/02\/plats-sense-gluten-restaurant-olot.svg\" alt=\"\" width=\"20\" height=\"20\" \/> \u00a0Solomillo de pato con manzana, pera confi tada, miel y tomillo 18,55<br \/>\n<img loading=\"lazy\" decoding=\"async\" src=\"https:\/\/lamoixina.com\/wp-content\/uploads\/2021\/02\/plats-cuina-volcanica-olot.png\" alt=\"\" width=\"20\" height=\"19\" \/><img loading=\"lazy\" decoding=\"async\" src=\"https:\/\/lamoixina.com\/wp-content\/uploads\/2021\/02\/plats-sense-gluten-restaurant-olot.svg\" alt=\"\" width=\"20\" height=\"20\" \/>\u00a0 Chulet\u00f3n de ternera con guarnici\u00f3n (500g) 24,90<br \/>\n<img loading=\"lazy\" decoding=\"async\" src=\"https:\/\/lamoixina.com\/wp-content\/uploads\/2021\/02\/plats-sense-gluten-restaurant-olot.svg\" alt=\"\" width=\"20\" height=\"20\" \/> \u00a0Chulet\u00f3n de vaca madurado hecho a la brasa de carb\u00f3n (1 kg) 52,00<br \/>\n<img loading=\"lazy\" decoding=\"async\" src=\"https:\/\/lamoixina.com\/wp-content\/uploads\/2021\/02\/plats-cuina-volcanica-olot.png\" alt=\"\" width=\"20\" height=\"19\" \/><img loading=\"lazy\" decoding=\"async\" src=\"https:\/\/lamoixina.com\/wp-content\/uploads\/2021\/02\/plats-sense-gluten-restaurant-olot.svg\" alt=\"\" width=\"20\" height=\"20\" \/> \u00a0Solomillo de ternera al carb\u00f3n natural 25,00<br \/>\n<img loading=\"lazy\" decoding=\"async\" src=\"https:\/\/lamoixina.com\/wp-content\/uploads\/2021\/02\/plats-cuina-volcanica-olot.png\" alt=\"\" width=\"20\" height=\"19\" \/><img loading=\"lazy\" decoding=\"async\" src=\"https:\/\/lamoixina.com\/wp-content\/uploads\/2021\/02\/plats-sense-gluten-restaurant-olot.svg\" alt=\"\" width=\"20\" height=\"20\" \/> \u00a0Meloso de ternera con salsa de rata\u0130 a y cremoso de tub\u00e9rculo 17,50<br \/>\n<img loading=\"lazy\" decoding=\"async\" src=\"https:\/\/lamoixina.com\/wp-content\/uploads\/2021\/02\/plats-cuina-volcanica-olot.png\" alt=\"\" width=\"20\" height=\"19\" \/><img loading=\"lazy\" decoding=\"async\" src=\"https:\/\/lamoixina.com\/wp-content\/uploads\/2021\/02\/plats-sense-gluten-restaurant-olot.svg\" alt=\"\" width=\"20\" height=\"20\" \/> \u00a0Pierna de cordero asada a baja temperatura con orejones, ciruelas y cremoso de patatas 17,00<br \/>\n<img loading=\"lazy\" decoding=\"async\" src=\"https:\/\/lamoixina.com\/wp-content\/uploads\/2021\/02\/plats-cuina-volcanica-olot.png\" alt=\"\" width=\"20\" height=\"19\" \/><img loading=\"lazy\" decoding=\"async\" src=\"https:\/\/lamoixina.com\/wp-content\/uploads\/2021\/02\/plats-sense-gluten-restaurant-olot.svg\" alt=\"\" width=\"20\" height=\"20\" \/> \u00a0Paletilla de cabrito asada al horno con setas y cebolleta 26,65<br \/>\n<img loading=\"lazy\" decoding=\"async\" src=\"https:\/\/lamoixina.com\/wp-content\/uploads\/2021\/02\/plats-sense-gluten-restaurant-olot.svg\" alt=\"\" width=\"20\" height=\"20\" \/> \u00a0Peque\u00f1o pato confi tado con salsa agridulce de sus jugos y naranja (media pieza) 20,00<br \/>\n<img loading=\"lazy\" decoding=\"async\" src=\"https:\/\/lamoixina.com\/wp-content\/uploads\/2021\/02\/plats-cuina-volcanica-olot.png\" alt=\"\" width=\"20\" height=\"19\" \/><img loading=\"lazy\" decoding=\"async\" src=\"https:\/\/lamoixina.com\/wp-content\/uploads\/2021\/02\/plats-sense-gluten-restaurant-olot.svg\" alt=\"\" width=\"20\" height=\"20\" \/> \u00a0Hamburguesa de alcachofas con crema de escalivada y champi\u00f1ones a la brasa 12,35<\/p>\n<p>[\/vc_column_text][\/vc_accordion_tab][vc_accordion_tab title=\u00bbPOSTRES\u00bb][vc_column_text css=\u00bb.vc_custom_1771571290562{padding-top: 3% !important;padding-right: 5% !important;padding-bottom: 3% !important;padding-left: 5% !important;}\u00bb]<img loading=\"lazy\" decoding=\"async\" class=\"alignbottom wp-image-1033 alignnone\" src=\"https:\/\/lamoixina.com\/wp-content\/uploads\/2021\/02\/plats-cuina-volcanica-olot.png\" alt=\"\" width=\"20\" height=\"19\" \/><img loading=\"lazy\" decoding=\"async\" class=\"alignbottom wp-image-929 alignnone\" src=\"https:\/\/lamoixina.com\/wp-content\/uploads\/2021\/02\/plats-sense-gluten-restaurant-olot.svg\" alt=\"\" width=\"20\" height=\"20\" \/> Crema de naranja, helado de vainilla y aire de mandarina 6,30<br \/>\nBrownie de chocolate negro y nueces con helado de rata\u0130 a y toffee 7,21<br \/>\nBiscocho de zanahoria con crema de queso, helado de especias y aire de mandarina 6,95<br \/>\n<img loading=\"lazy\" decoding=\"async\" class=\"alignbottom wp-image-1033 alignnone\" src=\"https:\/\/lamoixina.com\/wp-content\/uploads\/2021\/02\/plats-cuina-volcanica-olot.png\" alt=\"\" width=\"20\" height=\"19\" \/> Bu\u00f1uelos de viento azucarados rellenos de crema con piel de lim\u00f3n 6,80<br \/>\n<img loading=\"lazy\" decoding=\"async\" class=\"alignbottom wp-image-1033 alignnone\" src=\"https:\/\/lamoixina.com\/wp-content\/uploads\/2021\/02\/plats-cuina-volcanica-olot.png\" alt=\"\" width=\"20\" height=\"19\" \/><img loading=\"lazy\" decoding=\"async\" class=\"alignbottom wp-image-929 alignnone\" src=\"https:\/\/lamoixina.com\/wp-content\/uploads\/2021\/02\/plats-sense-gluten-restaurant-olot.svg\" alt=\"\" width=\"20\" height=\"20\" \/> El llaminer, el postre con m\u00e1s chocolate de la Cocina Volc\u00e1nica 7,70<br \/>\nVolc\u00e1n de chocolate, crema de almendra, crumble de cacao y sorbete de fruta de la pasi\u00f3n y mango 8,25<br \/>\n<img loading=\"lazy\" decoding=\"async\" class=\"alignbottom wp-image-1033 alignnone\" src=\"https:\/\/lamoixina.com\/wp-content\/uploads\/2021\/02\/plats-cuina-volcanica-olot.png\" alt=\"\" width=\"20\" height=\"19\" \/><img loading=\"lazy\" decoding=\"async\" class=\"alignbottom wp-image-929 alignnone\" src=\"https:\/\/lamoixina.com\/wp-content\/uploads\/2021\/02\/plats-sense-gluten-restaurant-olot.svg\" alt=\"\" width=\"20\" height=\"20\" \/> Semifr\u00edo de yogur de la Fageda con compota de manzana y pasas al ron 6,85<br \/>\n<img loading=\"lazy\" decoding=\"async\" class=\"alignbottom wp-image-929 alignnone\" src=\"https:\/\/lamoixina.com\/wp-content\/uploads\/2021\/02\/plats-sense-gluten-restaurant-olot.svg\" alt=\"\" width=\"20\" height=\"20\" \/> Pi\u00f1a natural con crema quemada y helado de coco 6,90<br \/>\n<img loading=\"lazy\" decoding=\"async\" class=\"alignbottom wp-image-929 alignnone\" src=\"https:\/\/lamoixina.com\/wp-content\/uploads\/2021\/02\/plats-sense-gluten-restaurant-olot.svg\" alt=\"\" width=\"20\" height=\"20\" \/> Manzana al horno con su alm\u00edbar 5,00<br \/>\n<img loading=\"lazy\" decoding=\"async\" class=\"alignbottom wp-image-929 alignnone\" src=\"https:\/\/lamoixina.com\/wp-content\/uploads\/2021\/02\/plats-sense-gluten-restaurant-olot.svg\" alt=\"\" width=\"20\" height=\"20\" \/> Surtido de fruta natural del tiempo 6,55<br \/>\n<img loading=\"lazy\" decoding=\"async\" class=\"alignbottom wp-image-929 alignnone\" src=\"https:\/\/lamoixina.com\/wp-content\/uploads\/2021\/02\/plats-sense-gluten-restaurant-olot.svg\" alt=\"\" width=\"20\" height=\"20\" \/> Frutos secos con moscatel 5,90<br \/>\n<img loading=\"lazy\" decoding=\"async\" class=\"alignbottom wp-image-1033 alignnone\" src=\"https:\/\/lamoixina.com\/wp-content\/uploads\/2021\/02\/plats-cuina-volcanica-olot.png\" alt=\"\" width=\"20\" height=\"19\" \/><img loading=\"lazy\" decoding=\"async\" class=\"alignbottom wp-image-929 alignnone\" src=\"https:\/\/lamoixina.com\/wp-content\/uploads\/2021\/02\/plats-sense-gluten-restaurant-olot.svg\" alt=\"\" width=\"20\" height=\"20\" \/> Flan de huevo al ba\u00f1o mar\u00eda con nata montada 5,00<br \/>\n<img loading=\"lazy\" decoding=\"async\" class=\"alignbottom wp-image-1033 alignnone\" src=\"https:\/\/lamoixina.com\/wp-content\/uploads\/2021\/02\/plats-cuina-volcanica-olot.png\" alt=\"\" width=\"20\" height=\"19\" \/><img loading=\"lazy\" decoding=\"async\" class=\"alignbottom wp-image-929 alignnone\" src=\"https:\/\/lamoixina.com\/wp-content\/uploads\/2021\/02\/plats-sense-gluten-restaurant-olot.svg\" alt=\"\" width=\"20\" height=\"20\" \/> Crema catalana casera quemada con az\u00facar 5,10<br \/>\n<img loading=\"lazy\" decoding=\"async\" class=\"alignbottom wp-image-1033 alignnone\" src=\"https:\/\/lamoixina.com\/wp-content\/uploads\/2021\/02\/plats-cuina-volcanica-olot.png\" alt=\"\" width=\"20\" height=\"19\" \/><img loading=\"lazy\" decoding=\"async\" class=\"alignbottom wp-image-929 alignnone\" src=\"https:\/\/lamoixina.com\/wp-content\/uploads\/2021\/02\/plats-sense-gluten-restaurant-olot.svg\" alt=\"\" width=\"20\" height=\"20\" \/> Reques\u00f3n de leche de oveja de Mas La Pe\u00e7a de Vall de Bianya con miel y frutos garrapi\u00f1ados 6,60<br \/>\n<img loading=\"lazy\" decoding=\"async\" class=\"alignbottom wp-image-1033 alignnone\" src=\"https:\/\/lamoixina.com\/wp-content\/uploads\/2021\/02\/plats-cuina-volcanica-olot.png\" alt=\"\" width=\"20\" height=\"19\" \/>Yogur natural de la Fageda 2,65[\/vc_column_text][\/vc_accordion_tab][vc_accordion_tab title=\u00bbHELADOS ARTESANALES\u00bb][vc_column_text css=\u00bb.vc_custom_1771571414443{padding-top: 3% !important;padding-right: 5% !important;padding-bottom: 3% !important;padding-left: 5% !important;}\u00bb]<\/p>\n<div class=\"page\" title=\"Page 5\">\n<div class=\"layoutArea\">\n<div class=\"column\">\n<div class=\"page\" title=\"Page 5\">\n<div class=\"layoutArea\">\n<div class=\"column\">\n<div class=\"page\" title=\"Page 5\">\n<div class=\"layoutArea\">\n<div class=\"column\">\n<div class=\"page\" title=\"Page 5\">\n<div class=\"layoutArea\">\n<div class=\"column\">\n<div class=\"page\" title=\"Page 5\">\n<div class=\"layoutArea\">\n<div class=\"column\">\n<p><img loading=\"lazy\" decoding=\"async\" class=\"alignbottom wp-image-929\" src=\"https:\/\/lamoixina.com\/wp-content\/uploads\/2021\/02\/plats-sense-gluten-restaurant-olot.svg\" alt=\"\" width=\"20\" height=\"20\" \/> Helado de chocolate negro con crema de naranja 6,30<br \/>\n<img loading=\"lazy\" decoding=\"async\" class=\"alignbottom wp-image-1033\" src=\"https:\/\/lamoixina.com\/wp-content\/uploads\/2021\/02\/plats-cuina-volcanica-olot.png\" alt=\"\" width=\"20\" height=\"19\" \/><img loading=\"lazy\" decoding=\"async\" class=\"alignbottom wp-image-929\" src=\"https:\/\/lamoixina.com\/wp-content\/uploads\/2021\/02\/plats-sense-gluten-restaurant-olot.svg\" alt=\"\" width=\"20\" height=\"20\" \/> Helado de ratafia Russet con higos confi tados 6,85<br \/>\n<img loading=\"lazy\" decoding=\"async\" class=\"alignbottom wp-image-929\" src=\"https:\/\/lamoixina.com\/wp-content\/uploads\/2021\/02\/plats-sense-gluten-restaurant-olot.svg\" alt=\"\" width=\"20\" height=\"20\" \/> Helado de vainilla con chocolate caliente 6,50<br \/>\n<img loading=\"lazy\" decoding=\"async\" class=\"alignbottom wp-image-1033\" src=\"https:\/\/lamoixina.com\/wp-content\/uploads\/2021\/02\/plats-cuina-volcanica-olot.png\" alt=\"\" width=\"20\" height=\"19\" \/><img loading=\"lazy\" decoding=\"async\" class=\"alignbottom wp-image-929\" src=\"https:\/\/lamoixina.com\/wp-content\/uploads\/2021\/02\/plats-sense-gluten-restaurant-olot.svg\" alt=\"\" width=\"20\" height=\"20\" \/>Helado de yogur de La Fageda con mermelada de frutos rojos 5,85<br \/>\n<img loading=\"lazy\" decoding=\"async\" class=\"alignbottom wp-image-929\" src=\"https:\/\/lamoixina.com\/wp-content\/uploads\/2021\/02\/plats-sense-gluten-restaurant-olot.svg\" alt=\"\" width=\"20\" height=\"20\" \/> Sorbete de lim\u00f3n con sopa de jengibre 5,80<br \/>\n<img loading=\"lazy\" decoding=\"async\" class=\"alignbottom wp-image-929\" src=\"https:\/\/lamoixina.com\/wp-content\/uploads\/2021\/02\/plats-sense-gluten-restaurant-olot.svg\" alt=\"\" width=\"20\" height=\"20\" \/> Helados de bola: nata, vainilla, chocolate, rata\u0130 a, coco, especias (una bola 2,50)<br \/>\n<img loading=\"lazy\" decoding=\"async\" class=\"alignbottom wp-image-929\" src=\"https:\/\/lamoixina.com\/wp-content\/uploads\/2021\/02\/plats-sense-gluten-restaurant-olot.svg\" alt=\"\" width=\"20\" height=\"20\" \/> Sorbetes de bola: mango y fruta de la pasi\u00f3n, fresa, lim\u00f3n (una bola 2,50)<\/p>\n<\/div>\n<\/div>\n<\/div>\n<\/div>\n<\/div>\n<\/div>\n<\/div>\n<\/div>\n<\/div>\n<\/div>\n<\/div>\n<\/div>\n<\/div>\n<\/div>\n<\/div>\n<p>[\/vc_column_text][\/vc_accordion_tab][vc_accordion_tab title=\u00bbVINOS DE POSTRE\u00bb][vc_column_text css=\u00bb.vc_custom_1739513751115{padding-top: 3% !important;padding-right: 5% !important;padding-bottom: 3% !important;padding-left: 5% !important;}\u00bb]<\/p>\n<div class=\"page\" title=\"Page 5\">\n<div class=\"layoutArea\">\n<div class=\"column\">\n<p style=\"text-align: left;\">Ratafia Russet 4,90<\/p>\n<div class=\"page\" title=\"Page 5\">\n<div class=\"layoutArea\">\n<div class=\"column\">\n<p style=\"text-align: left;\">Garnacha del Emporda\u0300 de Empordalia 5,00<\/p>\n<div class=\"page\" title=\"Page 5\">\n<div class=\"layoutArea\">\n<div class=\"column\">\n<p style=\"text-align: left;\">Pedro Xime\u0301nez San Emilio Lustau 5,70<\/p>\n<div class=\"page\" title=\"Page 5\">\n<div class=\"layoutArea\">\n<div class=\"column\">\n<p style=\"text-align: left;\">Vino de hielo Gewu\u0308straminer Gramona 7,70<\/p>\n<\/div>\n<\/div>\n<\/div>\n<\/div>\n<\/div>\n<\/div>\n<\/div>\n<\/div>\n<\/div>\n<\/div>\n<\/div>\n<\/div>\n<p>[\/vc_column_text][\/vc_accordion_tab][vc_accordion_tab title=\u00bbCAF\u00c9S E INFUSIONES\u00bb][vc_column_text css=\u00bb.vc_custom_1717138098172{padding-top: 3% !important;padding-right: 5% !important;padding-bottom: 3% !important;padding-left: 5% !important;}\u00bb]<\/p>\n<p style=\"text-align: left;\">Caf\u00e9 \u2013 1,50 \u20ac<br \/>\nCortado \u2013 1,65 \u20ac<br \/>\nCaf\u00e9 irland\u00e9s con whisky Jameson \u2013 6,20 \u20ac<br \/>\nCaf\u00e9 con leche \u2013 1,90 \u20ac<br \/>\nTes \u2013 2,00 \u20ac<br \/>\n(Blanco Pei Mu Tan, negro Earl Grey, negro English breakfast, verde Gunpower, verde Sencha, verde menta y rojo Pu-erh)<br \/>\nInfusiones \u2013 2,00 \u20ac<br \/>\n(Rooibos original, frutos del bosque, ratafia, maria luisa, mazanilla, menta poleo y tila)<br \/>\nTenemos a su disposici\u00f3n leche desnatada, de soja y de avena<\/p>\n<p>[\/vc_column_text][\/vc_accordion_tab][vc_accordion_tab title=\u00bbLICORES SELECCIONADOS\u00bb][vc_column_text css=\u00bb.vc_custom_1717138092117{padding-top: 3% !important;padding-right: 5% !important;padding-bottom: 3% !important;padding-left: 5% !important;}\u00bb]<\/p>\n<div class=\"wpb_text_column wpb_content_element wpb_animate_when_almost_visible wpb_bottom-to-top wpb_start_animation\">\n<div class=\"wpb_wrapper\">\n<div class=\"wpb_text_column wpb_content_element wpb_animate_when_almost_visible wpb_bottom-to-top wpb_start_animation\">\n<div class=\"wpb_wrapper\">\n<div class=\"wpb_text_column wpb_content_element wpb_animate_when_almost_visible wpb_bottom-to-top wpb_start_animation\">\n<div class=\"wpb_wrapper\">\n<p class=\"p1\" style=\"text-align: left;\">Mascar\u00f3 \u2013 5,00 \u20ac \/ copa<br \/>\nJack Daniel\u2019s \u2013 6,30 \u20ac \/ copa<br \/>\nCarlos I \u2013 7,15 \u20ac \/ copa<br \/>\nJameson Irish \u2013 6,40 \u20ac \/ copa<br \/>\n1866 \u2013 14,00 \u20ac \/ copa<br \/>\nChivas Regal 12 a\u00f1os \u2013 8,30 \u20ac \/ copa<br \/>\nCardenal Mendoza 7,50 \u20ac \/ copa<br \/>\nCardhu 12 a\u00f1os \u2013 8,40\u20ac \/ copa<br \/>\nGran Duque de Alba 8,00 \u20ac \/ copa<br \/>\nGlenMorangie The Original 10 a\u00f1os \u2013 12,50\u20ac \/ copa<br \/>\nTorres Fontenac 7,80 \u20ac \/ copa<br \/>\nThe Glenrothes Vintage Reserve 12 a\u00f1os \u00a0\u2013 12,50\u20ac \/ copa<br \/>\nCognac Courvoiser 8,30 \u20ac \/ copa<br \/>\nMacAllan Amber 12 a\u00f1os \u2013 12,50\u20ac \/ copa<br \/>\nHennessy Pure White Cognac 15,70 \u20ac \/ copa<br \/>\nLismore 18 a\u00f1os \u2013 10,50 \u20ac \/ copa<br \/>\nVieil Armagnac Croix de Salles 10,00 \u20ac \/ copa<br \/>\nLagavulin 16 a\u00f1os \u2013 17,50\u20ac \/ copa<br \/>\nPere Magloire Calvados 8,15 \u20ac \/ copa<\/p>\n<\/div>\n<\/div>\n<\/div>\n<\/div>\n<\/div>\n<\/div>\n<p>[\/vc_column_text][\/vc_accordion_tab][\/vc_accordion][\/vc_column][\/vc_row][vc_row full_width=\u00bbstretch_row_content_no_spaces\u00bb content_placement=\u00bbmiddle\u00bb css=\u00bb.vc_custom_1616736454940{background-color: #e2e2e2 !important;}\u00bb][vc_column]<div id=\"ultimate-heading-933369f4599714a58\" class=\"uvc-heading ult-adjust-bottom-margin ultimate-heading-933369f4599714a58 uvc-6682 \" data-hspacer=\"no_spacer\"  data-halign=\"center\" style=\"text-align:center\"><div class=\"uvc-heading-spacer no_spacer\" style=\"top\"><\/div><div class=\"uvc-main-heading ult-responsive\"  data-ultimate-target='.uvc-heading.ultimate-heading-933369f4599714a58 h3'  data-responsive-json-new='{\"font-size\":\"desktop:35px;tablet:35px;tablet_portrait:25px;mobile_landscape:35px;mobile:35px;\",\"line-height\":\"\"}' ><h3 style=\"--font-weight:theme;color:#674c41;\">INFORMACI\u00d3N<\/h3><\/div><\/div>[vc_column_text css=\u00bb.vc_custom_1771571428866{padding-top: 3% !important;padding-right: 5% !important;padding-bottom: 3% !important;padding-left: 5% !important;}\u00bb]<\/p>\n<p style=\"text-align: center;\">Precio con IVA incluido<\/p>\n<p style=\"text-align: center;\">Pan sin gluten. Suplemento de 1,75 \u20ac<\/p>\n<p style=\"text-align: center;\">Tenemos a su disposici\u00f3n la informaci\u00f3n de al\u00e9rgenos.<\/p>\n<p style=\"text-align: center;\">Rogamos que informen al camarero de sus alergias, intolerancias y preferencias alimentarias.<\/p>\n<p style=\"text-align: center;\"><b><img loading=\"lazy\" decoding=\"async\" class=\"alignbottom wp-image-1033\" src=\"https:\/\/lamoixina.com\/wp-content\/uploads\/2021\/02\/plats-cuina-volcanica-olot.png\" alt=\"\" width=\"20\" height=\"19\" \/><\/b> Plato de Cuina Volc\u00e0nica <img loading=\"lazy\" decoding=\"async\" class=\"size-medium wp-image-929 alignbottom\" src=\"https:\/\/lamoixina.com\/wp-content\/uploads\/2021\/02\/plats-sense-gluten-restaurant-olot.svg\" alt=\"\" width=\"20\" height=\"20\" \/> Plato apto para vegetariano <img loading=\"lazy\" decoding=\"async\" class=\"size-medium wp-image-935 alignbottom\" src=\"https:\/\/lamoixina.com\/wp-content\/uploads\/2021\/02\/plats-vegans-olot.svg\" alt=\"\" width=\"20\" height=\"20\" \/> Plato apto para vegano<\/p>\n<p style=\"text-align: center;\">Martes y mi\u00e9rcoles cerrado por descanso personal.<\/p>\n<p style=\"text-align: center;\"><strong><em>Nuestro restaurante forma parte del colectivo <a href=\"https:\/\/www.cuinavolcanica.cat\/ca\" target=\"_blank\" rel=\"noopener\">Cuina Volc\u00e0nica<\/a> y como tal hemos tomado el compromiso de trabajar por la promoci\u00f3n y difusi\u00f3n de nuestro patrimonio gastron\u00f3mico, as\u00ed como de sus productos y productores.<\/em><\/strong><\/p>\n<p>[\/vc_column_text][vc_row_inner][vc_column_inner width=\u00bb1\/2&#8243;]<div class=\" ubtn-ctn-center \"><a class=\"ubtn-link ult-adjust-bottom-margin ubtn-center ubtn-large \" href=\"https:\/\/lamoixina.com\/es\/cartas-restaurante\/\" title=\"Carta i men\u00fas\" ><button type=\"button\" id=\"ubtn-9878\"  class=\"ubtn ult-adjust-bottom-margin ult-responsive ubtn-large ubtn-fade-bg  ulta-grow  ubtn-sep-icon ubtn-sep-icon-at-left  ubtn-center   tooltip-69f4599714aa0\"  data-hover=\"#ffffff\" data-border-color=\"\" data-bg=\"#95493c\" data-hover-bg=\"#936055\" data-border-hover=\"\" data-shadow-hover=\"\" data-shadow-click=\"none\" data-shadow=\"\" data-shd-shadow=\"\"  data-ultimate-target='#ubtn-9878'  data-responsive-json-new='{\"font-size\":\"\",\"line-height\":\"\"}'  style=\"font-family:&#039;Montserrat&#039;;font-weight:300;border:none;background: #95493c;color: #ffffff;\"><span class=\"ubtn-data ubtn-icon\"><i class=\"icomoon-the7-font-the7-arrow-28\" style=\"font-size:12px;color:#ffffff;\"><\/i><\/span><span class=\"ubtn-hover\" style=\"background-color:#936055\"><\/span><span class=\"ubtn-data ubtn-text \" >VUELVE A CARTA Y MEN\u00daS<\/span><\/button><\/a><\/div>[\/vc_column_inner][vc_column_inner width=\u00bb1\/2&#8243;]<div class=\" ubtn-ctn-center \"><a class=\"ubtn-link ult-adjust-bottom-margin ubtn-center ubtn-large \" href=\"https:\/\/www.cuinavolcanica.cat\/ca\/restaurants\/restaurant-font-moixina\" title=\"Carta i men\u00fas\" target=\"_blank\" rel=\"noopener\" ><button type=\"button\" id=\"ubtn-6119\"  class=\"ubtn ult-adjust-bottom-margin ult-responsive ubtn-large ubtn-fade-bg  ulta-grow  ubtn-sep-icon ubtn-sep-icon-at-left  ubtn-center   tooltip-69f4599714afc\"  data-hover=\"#ffffff\" data-border-color=\"\" data-bg=\"#95493c\" data-hover-bg=\"#936055\" data-border-hover=\"\" data-shadow-hover=\"\" data-shadow-click=\"none\" data-shadow=\"\" data-shd-shadow=\"\"  data-ultimate-target='#ubtn-6119'  data-responsive-json-new='{\"font-size\":\"\",\"line-height\":\"\"}'  style=\"font-family:&#039;Montserrat&#039;;font-weight:300;border:none;background: #95493c;color: #ffffff;\"><span class=\"ubtn-data ubtn-icon\"><i class=\"icomoon-the7-font-the7-cart-00\" style=\"font-size:12px;color:#ffffff;\"><\/i><\/span><span class=\"ubtn-hover\" style=\"background-color:#936055\"><\/span><span class=\"ubtn-data ubtn-text \" >REGALAR UNA COMIDA PARA 2 PERSONAS<\/span><\/button><\/a><\/div>[\/vc_column_inner][\/vc_row_inner][\/vc_column][\/vc_row]<\/p>\n<\/div>","protected":false},"excerpt":{"rendered":"<p>[vc_row full_width=\u00bbstretch_row_content_no_spaces\u00bb gap=\u00bb5&#8243; equal_height=\u00bbyes\u00bb css=\u00bb.vc_custom_1612978271544{margin-top: 0px !important;margin-right: 0px !important;margin-bottom: 0px !important;margin-left: 0px !important;border-top-width: 0px !important;border-right-width: 0px !important;border-bottom-width: 0px !important;border-left-width: 0px !important;padding-top: 0px !important;padding-right: 0px !important;padding-bottom: 0px !important;padding-left: 0px !important;background-color: #ffffff !important;background-position: 0 0 !important;background-repeat: no-repeat !important;}\u00bb][vc_column css=\u00bb.vc_custom_1616759331813{margin-top: 0px !important;margin-right: 0px !important;margin-bottom: 0px !important;margin-left: 0px !important;border-top-width: 0px !important;border-right-width: 0px !important;border-bottom-width: 0px !important;border-left-width: 0px !important;padding-top: 10% !important;padding-right:&hellip;<\/p>\n","protected":false},"author":1,"featured_media":0,"parent":2061,"menu_order":0,"comment_status":"closed","ping_status":"closed","template":"","meta":{"footnotes":""},"class_list":["post-2050","page","type-page","status-publish","hentry","description-off"],"yoast_head":"<!-- This site is optimized with the Yoast SEO plugin v27.2 - https:\/\/yoast.com\/product\/yoast-seo-wordpress\/ -->\n<title>La Carta - La Moixina<\/title>\n<meta name=\"robots\" content=\"index, follow, max-snippet:-1, max-image-preview:large, max-video-preview:-1\" \/>\n<link rel=\"canonical\" href=\"https:\/\/lamoixina.com\/es\/cartas-restaurante\/la-carta\/\" \/>\n<meta property=\"og:locale\" content=\"es_ES\" \/>\n<meta property=\"og:type\" content=\"article\" \/>\n<meta property=\"og:title\" content=\"La Carta - La Moixina\" \/>\n<meta property=\"og:description\" content=\"[vc_row full_width=\u00bbstretch_row_content_no_spaces\u00bb gap=\u00bb5&#8243; equal_height=\u00bbyes\u00bb css=\u00bb.vc_custom_1612978271544{margin-top: 0px !important;margin-right: 0px !important;margin-bottom: 0px !important;margin-left: 0px !important;border-top-width: 0px !important;border-right-width: 0px !important;border-bottom-width: 0px !important;border-left-width: 0px !important;padding-top: 0px !important;padding-right: 0px !important;padding-bottom: 0px !important;padding-left: 0px !important;background-color: #ffffff !important;background-position: 0 0 !important;background-repeat: no-repeat !important;}\u00bb][vc_column css=\u00bb.vc_custom_1616759331813{margin-top: 0px !important;margin-right: 0px !important;margin-bottom: 0px !important;margin-left: 0px !important;border-top-width: 0px !important;border-right-width: 0px !important;border-bottom-width: 0px !important;border-left-width: 0px !important;padding-top: 10% !important;padding-right:&hellip;\" \/>\n<meta property=\"og:url\" content=\"https:\/\/lamoixina.com\/es\/cartas-restaurante\/la-carta\/\" \/>\n<meta property=\"og:site_name\" content=\"La Moixina\" \/>\n<meta property=\"article:modified_time\" content=\"2026-02-20T07:10:30+00:00\" \/>\n<meta property=\"og:image\" content=\"https:\/\/lamoixina.com\/wp-content\/uploads\/2021\/02\/plats-cuina-volcanica-olot.png\" \/>\n\t<meta property=\"og:image:width\" content=\"206\" \/>\n\t<meta property=\"og:image:height\" content=\"199\" \/>\n\t<meta property=\"og:image:type\" content=\"image\/png\" \/>\n<meta name=\"twitter:card\" content=\"summary_large_image\" \/>\n<meta name=\"twitter:label1\" content=\"Tiempo de lectura\" \/>\n\t<meta name=\"twitter:data1\" content=\"21 minutos\" \/>\n<script type=\"application\/ld+json\" class=\"yoast-schema-graph\">{\"@context\":\"https:\/\/schema.org\",\"@graph\":[{\"@type\":\"WebPage\",\"@id\":\"https:\/\/lamoixina.com\/es\/cartas-restaurante\/la-carta\/\",\"url\":\"https:\/\/lamoixina.com\/es\/cartas-restaurante\/la-carta\/\",\"name\":\"La Carta - La Moixina\",\"isPartOf\":{\"@id\":\"https:\/\/lamoixina.com\/es\/#website\"},\"primaryImageOfPage\":{\"@id\":\"https:\/\/lamoixina.com\/es\/cartas-restaurante\/la-carta\/#primaryimage\"},\"image\":{\"@id\":\"https:\/\/lamoixina.com\/es\/cartas-restaurante\/la-carta\/#primaryimage\"},\"thumbnailUrl\":\"https:\/\/lamoixina.com\/wp-content\/uploads\/2021\/02\/plats-cuina-volcanica-olot.png\",\"datePublished\":\"2021-02-14T14:19:18+00:00\",\"dateModified\":\"2026-02-20T07:10:30+00:00\",\"breadcrumb\":{\"@id\":\"https:\/\/lamoixina.com\/es\/cartas-restaurante\/la-carta\/#breadcrumb\"},\"inLanguage\":\"es\",\"potentialAction\":[{\"@type\":\"ReadAction\",\"target\":[\"https:\/\/lamoixina.com\/es\/cartas-restaurante\/la-carta\/\"]}]},{\"@type\":\"ImageObject\",\"inLanguage\":\"es\",\"@id\":\"https:\/\/lamoixina.com\/es\/cartas-restaurante\/la-carta\/#primaryimage\",\"url\":\"https:\/\/lamoixina.com\/wp-content\/uploads\/2021\/02\/plats-cuina-volcanica-olot.png\",\"contentUrl\":\"https:\/\/lamoixina.com\/wp-content\/uploads\/2021\/02\/plats-cuina-volcanica-olot.png\"},{\"@type\":\"BreadcrumbList\",\"@id\":\"https:\/\/lamoixina.com\/es\/cartas-restaurante\/la-carta\/#breadcrumb\",\"itemListElement\":[{\"@type\":\"ListItem\",\"position\":1,\"name\":\"Inici\",\"item\":\"https:\/\/lamoixina.com\/es\/\"},{\"@type\":\"ListItem\",\"position\":2,\"name\":\"CARTAS RESTAURANTE LA MOXINA\",\"item\":\"https:\/\/lamoixina.com\/es\/cartas-restaurante\/\"},{\"@type\":\"ListItem\",\"position\":3,\"name\":\"La Carta\"}]},{\"@type\":\"WebSite\",\"@id\":\"https:\/\/lamoixina.com\/es\/#website\",\"url\":\"https:\/\/lamoixina.com\/es\/\",\"name\":\"La Moixina\",\"description\":\"Restaurant Olot de Cuina Volc\u00e0nica\",\"publisher\":{\"@id\":\"https:\/\/lamoixina.com\/es\/#organization\"},\"potentialAction\":[{\"@type\":\"SearchAction\",\"target\":{\"@type\":\"EntryPoint\",\"urlTemplate\":\"https:\/\/lamoixina.com\/es\/?s={search_term_string}\"},\"query-input\":{\"@type\":\"PropertyValueSpecification\",\"valueRequired\":true,\"valueName\":\"search_term_string\"}}],\"inLanguage\":\"es\"},{\"@type\":\"Organization\",\"@id\":\"https:\/\/lamoixina.com\/es\/#organization\",\"name\":\"La Moixina\",\"url\":\"https:\/\/lamoixina.com\/es\/\",\"logo\":{\"@type\":\"ImageObject\",\"inLanguage\":\"es\",\"@id\":\"https:\/\/lamoixina.com\/es\/#\/schema\/logo\/image\/\",\"url\":\"https:\/\/lamoixina.com\/wp-content\/uploads\/2020\/12\/MoixinaM@2.png\",\"contentUrl\":\"https:\/\/lamoixina.com\/wp-content\/uploads\/2020\/12\/MoixinaM@2.png\",\"width\":300,\"height\":140,\"caption\":\"La Moixina\"},\"image\":{\"@id\":\"https:\/\/lamoixina.com\/es\/#\/schema\/logo\/image\/\"}}]}<\/script>\n<!-- \/ Yoast SEO plugin. -->","yoast_head_json":{"title":"La Carta - La Moixina","robots":{"index":"index","follow":"follow","max-snippet":"max-snippet:-1","max-image-preview":"max-image-preview:large","max-video-preview":"max-video-preview:-1"},"canonical":"https:\/\/lamoixina.com\/es\/cartas-restaurante\/la-carta\/","og_locale":"es_ES","og_type":"article","og_title":"La Carta - La Moixina","og_description":"[vc_row full_width=\u00bbstretch_row_content_no_spaces\u00bb gap=\u00bb5&#8243; equal_height=\u00bbyes\u00bb css=\u00bb.vc_custom_1612978271544{margin-top: 0px !important;margin-right: 0px !important;margin-bottom: 0px !important;margin-left: 0px !important;border-top-width: 0px !important;border-right-width: 0px !important;border-bottom-width: 0px !important;border-left-width: 0px !important;padding-top: 0px !important;padding-right: 0px !important;padding-bottom: 0px !important;padding-left: 0px !important;background-color: #ffffff !important;background-position: 0 0 !important;background-repeat: no-repeat !important;}\u00bb][vc_column css=\u00bb.vc_custom_1616759331813{margin-top: 0px !important;margin-right: 0px !important;margin-bottom: 0px !important;margin-left: 0px !important;border-top-width: 0px !important;border-right-width: 0px !important;border-bottom-width: 0px !important;border-left-width: 0px !important;padding-top: 10% !important;padding-right:&hellip;","og_url":"https:\/\/lamoixina.com\/es\/cartas-restaurante\/la-carta\/","og_site_name":"La Moixina","article_modified_time":"2026-02-20T07:10:30+00:00","og_image":[{"width":206,"height":199,"url":"https:\/\/lamoixina.com\/wp-content\/uploads\/2021\/02\/plats-cuina-volcanica-olot.png","type":"image\/png"}],"twitter_card":"summary_large_image","twitter_misc":{"Tiempo de lectura":"21 minutos"},"schema":{"@context":"https:\/\/schema.org","@graph":[{"@type":"WebPage","@id":"https:\/\/lamoixina.com\/es\/cartas-restaurante\/la-carta\/","url":"https:\/\/lamoixina.com\/es\/cartas-restaurante\/la-carta\/","name":"La Carta - La Moixina","isPartOf":{"@id":"https:\/\/lamoixina.com\/es\/#website"},"primaryImageOfPage":{"@id":"https:\/\/lamoixina.com\/es\/cartas-restaurante\/la-carta\/#primaryimage"},"image":{"@id":"https:\/\/lamoixina.com\/es\/cartas-restaurante\/la-carta\/#primaryimage"},"thumbnailUrl":"https:\/\/lamoixina.com\/wp-content\/uploads\/2021\/02\/plats-cuina-volcanica-olot.png","datePublished":"2021-02-14T14:19:18+00:00","dateModified":"2026-02-20T07:10:30+00:00","breadcrumb":{"@id":"https:\/\/lamoixina.com\/es\/cartas-restaurante\/la-carta\/#breadcrumb"},"inLanguage":"es","potentialAction":[{"@type":"ReadAction","target":["https:\/\/lamoixina.com\/es\/cartas-restaurante\/la-carta\/"]}]},{"@type":"ImageObject","inLanguage":"es","@id":"https:\/\/lamoixina.com\/es\/cartas-restaurante\/la-carta\/#primaryimage","url":"https:\/\/lamoixina.com\/wp-content\/uploads\/2021\/02\/plats-cuina-volcanica-olot.png","contentUrl":"https:\/\/lamoixina.com\/wp-content\/uploads\/2021\/02\/plats-cuina-volcanica-olot.png"},{"@type":"BreadcrumbList","@id":"https:\/\/lamoixina.com\/es\/cartas-restaurante\/la-carta\/#breadcrumb","itemListElement":[{"@type":"ListItem","position":1,"name":"Inici","item":"https:\/\/lamoixina.com\/es\/"},{"@type":"ListItem","position":2,"name":"CARTAS RESTAURANTE LA MOXINA","item":"https:\/\/lamoixina.com\/es\/cartas-restaurante\/"},{"@type":"ListItem","position":3,"name":"La Carta"}]},{"@type":"WebSite","@id":"https:\/\/lamoixina.com\/es\/#website","url":"https:\/\/lamoixina.com\/es\/","name":"La Moixina","description":"Restaurant Olot de Cuina Volc\u00e0nica","publisher":{"@id":"https:\/\/lamoixina.com\/es\/#organization"},"potentialAction":[{"@type":"SearchAction","target":{"@type":"EntryPoint","urlTemplate":"https:\/\/lamoixina.com\/es\/?s={search_term_string}"},"query-input":{"@type":"PropertyValueSpecification","valueRequired":true,"valueName":"search_term_string"}}],"inLanguage":"es"},{"@type":"Organization","@id":"https:\/\/lamoixina.com\/es\/#organization","name":"La Moixina","url":"https:\/\/lamoixina.com\/es\/","logo":{"@type":"ImageObject","inLanguage":"es","@id":"https:\/\/lamoixina.com\/es\/#\/schema\/logo\/image\/","url":"https:\/\/lamoixina.com\/wp-content\/uploads\/2020\/12\/MoixinaM@2.png","contentUrl":"https:\/\/lamoixina.com\/wp-content\/uploads\/2020\/12\/MoixinaM@2.png","width":300,"height":140,"caption":"La Moixina"},"image":{"@id":"https:\/\/lamoixina.com\/es\/#\/schema\/logo\/image\/"}}]}},"_links":{"self":[{"href":"https:\/\/lamoixina.com\/es\/wp-json\/wp\/v2\/pages\/2050","targetHints":{"allow":["GET"]}}],"collection":[{"href":"https:\/\/lamoixina.com\/es\/wp-json\/wp\/v2\/pages"}],"about":[{"href":"https:\/\/lamoixina.com\/es\/wp-json\/wp\/v2\/types\/page"}],"author":[{"embeddable":true,"href":"https:\/\/lamoixina.com\/es\/wp-json\/wp\/v2\/users\/1"}],"replies":[{"embeddable":true,"href":"https:\/\/lamoixina.com\/es\/wp-json\/wp\/v2\/comments?post=2050"}],"version-history":[{"count":64,"href":"https:\/\/lamoixina.com\/es\/wp-json\/wp\/v2\/pages\/2050\/revisions"}],"predecessor-version":[{"id":3686,"href":"https:\/\/lamoixina.com\/es\/wp-json\/wp\/v2\/pages\/2050\/revisions\/3686"}],"up":[{"embeddable":true,"href":"https:\/\/lamoixina.com\/es\/wp-json\/wp\/v2\/pages\/2061"}],"wp:attachment":[{"href":"https:\/\/lamoixina.com\/es\/wp-json\/wp\/v2\/media?parent=2050"}],"curies":[{"name":"wp","href":"https:\/\/api.w.org\/{rel}","templated":true}]}}