{"id":2103,"date":"2021-02-14T16:48:55","date_gmt":"2021-02-14T14:48:55","guid":{"rendered":"https:\/\/lamoixina.com\/cartas-restaurante\/celler\/"},"modified":"2022-02-15T16:38:33","modified_gmt":"2022-02-15T14:38:33","slug":"bodega","status":"publish","type":"page","link":"https:\/\/lamoixina.com\/es\/cartas-restaurante\/bodega\/","title":{"rendered":"La Bodega"},"content":{"rendered":"<div class=\"wpb-content-wrapper\"><p>[vc_row full_width=\u00bbstretch_row_content_no_spaces\u00bb gap=\u00bb5&#8243; equal_height=\u00bbyes\u00bb css=\u00bb.vc_custom_1612978271544{margin-top: 0px !important;margin-right: 0px !important;margin-bottom: 0px !important;margin-left: 0px !important;border-top-width: 0px !important;border-right-width: 0px !important;border-bottom-width: 0px !important;border-left-width: 0px !important;padding-top: 0px !important;padding-right: 0px !important;padding-bottom: 0px !important;padding-left: 0px !important;background-color: #ffffff !important;background-position: 0 0 !important;background-repeat: no-repeat !important;}\u00bb][vc_column css=\u00bb.vc_custom_1616762595981{margin-top: 0px !important;margin-right: 0px !important;margin-bottom: 0px !important;margin-left: 0px !important;border-top-width: 0px !important;border-right-width: 0px !important;border-bottom-width: 0px !important;border-left-width: 0px !important;padding-top: 10% !important;padding-right: 5% !important;padding-bottom: 10% !important;padding-left: 5% !important;background-color: #95493c !important;}\u00bb]<div id=\"ultimate-heading-816269f46251b12d1\" class=\"uvc-heading ult-adjust-bottom-margin ultimate-heading-816269f46251b12d1 uvc-8046 \" data-hspacer=\"no_spacer\"  data-halign=\"center\" style=\"text-align:center\"><div class=\"uvc-heading-spacer no_spacer\" style=\"top\"><\/div><div class=\"uvc-main-heading ult-responsive\"  data-ultimate-target='.uvc-heading.ultimate-heading-816269f46251b12d1 h1'  data-responsive-json-new='{\"font-size\":\"desktop:60px;tablet:50px;tablet_portrait:50px;mobile_landscape:50px;mobile:40px;\",\"line-height\":\"\"}' ><h1 style=\"--font-weight:theme;color:#ffffff;\">LA BODEGA<\/h1><\/div><div class=\"uvc-sub-heading ult-responsive\"  data-ultimate-target='.uvc-heading.ultimate-heading-816269f46251b12d1 .uvc-sub-heading '  data-responsive-json-new='{\"font-size\":\"desktop:25px;mobile:20px;\",\"line-height\":\"\"}'  style=\"font-weight:normal;color:#ffffff;\"><\/p>\n<div id=\"wpc_60292e56f2025\" class=\"vc_row wpb_row vc_row-fluid \">\n<div class=\"row_inner_wrapper clearfix\">\n<div class=\"row_inner row_fullwidth_content clearfix\">\n<div class=\"wpb_column vc_column_container vc_col-sm-12 vc_col-has-fill\">\n<div class=\"vc_column-inner vc_custom_1590134306532\">\n<div class=\"wpb_wrapper\">\n<div class=\"wpb_text_column wpb_content_element \">\n<div class=\"wpb_wrapper\">\n<p style=\"text-align: center;\">Vinos con burbujas, vinos blancos y vinos tintos catalanes, nacionales e internacionales<\/p>\n<\/div>\n<\/div>\n<\/div>\n<\/div>\n<\/div>\n<\/div>\n<\/div>\n<\/div>\n<p><\/div><\/div>[\/vc_column][\/vc_row][vc_row][vc_column width=\u00bb1\/2&#8243; css=\u00bb.vc_custom_1612977584073{padding-top: 5% !important;padding-bottom: 5% !important;}\u00bb]<div id=\"ultimate-heading-452669f46251b132b\" class=\"uvc-heading ult-adjust-bottom-margin ultimate-heading-452669f46251b132b uvc-7718 \" data-hspacer=\"no_spacer\"  data-halign=\"left\" style=\"text-align:left\"><div class=\"uvc-heading-spacer no_spacer\" style=\"top\"><\/div><div class=\"uvc-main-heading ult-responsive\"  data-ultimate-target='.uvc-heading.ultimate-heading-452669f46251b132b h3'  data-responsive-json-new='{\"font-size\":\"desktop:35px;tablet:35px;tablet_portrait:25px;mobile_landscape:35px;mobile:35px;\",\"line-height\":\"\"}' ><h3 style=\"--font-weight:theme;color:#674c41;\">LOS VINOS TINTOS<\/h3><\/div><\/div>[vc_accordion active_tab=\u00bb9&#8243; collapsible=\u00bbyes\u00bb title_size=\u00bbh3&#8243; style=\u00bb2&#8243;][vc_accordion_tab title=\u00bbDE TIERRAS CATALANAS\u00bb][vc_column_text css=\u00bb.vc_custom_1644935504832{padding-top: 3% !important;padding-right: 5% !important;padding-bottom: 3% !important;padding-left: 5% !important;}\u00bb]<strong>FRESCOS I AROM\u00c1TICOS<\/strong><\/p>\n<p><strong>Babal\u00e0 negre eixerit<\/strong>\u00a0\u2013 Celler s\u2019Espolla (Empord\u00e0) 13,80 \u20ac<br \/>\n<em>Garnatxa negra i garnatxa roja. Lleuger pas per boca<\/em><\/p>\n<p><strong>3 Finques<\/strong>\u00a0\u2013 Perelada (Empord\u00e0) 13,80 \u20ac<br \/>\n<em>Sams\u00f3, garnatxa negra, cabernet sauvignon, merlot i syrah<\/em><\/p>\n<p><strong>Ter\u00e0pia<\/strong>\u00a0\u2013 Vins del Tros (Terra Alta) 14,00 \u20ac<br \/>\n<em>Garnatxa i morenillo<\/em><\/p>\n<p><strong>Fra Guerau<\/strong>\u00a0\u2013 Vinyes del Montsant (Montsant) 15,50 \u20ac<br \/>\n<em>Cabernet sauvignon, garnatxa negra, syrah i merlot<\/em><\/p>\n<p><strong>Abadal Franc<\/strong>\u00a0\u2013 Cellers Abadal (Pla de Bages) 16,80 \u20ac<br \/>\n<em>Cabernet franc i picapoll negre<\/em><\/p>\n<p><strong>Senglar<\/strong>\u00a0\u2013 Mas Romeu (Empord\u00e0) 16,80 \u20ac<br \/>\n<em>Sams\u00f3, merlot i garnatxa. Curta crian\u00e7a en barrica<\/em><\/p>\n<p><strong>Furot del Monestir<\/strong>\u00a0\u2013 Vinyes Velles (Empord\u00e0) 16,80 \u20ac<br \/>\n<em>Sams\u00f3 i cabernet sauvignon<\/em><\/p>\n<p><strong>Raimat Abadia<\/strong>\u00a0\u2013 Raimat (Costers del Segre) 14,00 \u20ac<br \/>\n<em>Cabernet sauvignon i tempranillo<\/em><\/p>\n<p>&nbsp;<\/p>\n<p><strong>DELICADOS Y SEDOSOS<\/strong><\/p>\n<p><strong>Josep Foraster Trepat<\/strong>\u00a0\u2013 Mas Foraster (Conca de Barber\u00e0) 20,50 \u20ac<br \/>\n<em>Trepat 100%. 6 mesos en barriques de 300 i 500 litres<\/em><\/p>\n<p><strong>Terroir Hist\u00f2ric<\/strong>\u00a0\u2013 Terroir al L\u00edmit (Priorat) 25,80 \u20ac<br \/>\n<em>Garnatxa i sams\u00f3. Vinificat i reposat 6 mesos en ciment<\/em><\/p>\n<p><strong>Altaroses<\/strong>\u00a0\u2013 Joan d\u2019Anguera (Montsant) 23,50 \u20ac<br \/>\n<em>Garnatxa 100%. Fermentat i formig\u00f3 i criat 12 mesos en roure franc\u00e8s<\/em><\/p>\n<p><strong>Gotes del Montsant<\/strong>\u00a0\u2013 Alferdo Arribas (Montsant) 23,50 \u20ac<br \/>\n<em>Sams\u00f3 i granatxa. Crian\u00e7a 6 mesos en barrica de roure fanc\u00e8s<\/em>[\/vc_column_text][\/vc_accordion_tab][vc_accordion_tab title=\u00bbNEGROS NACIONALES\u00bb][vc_column_text css=\u00bb.vc_custom_1644935585481{padding-top: 3% !important;padding-right: 5% !important;padding-bottom: 3% !important;padding-left: 5% !important;}\u00bb]<\/p>\n<p style=\"text-align: left;\"><strong>FRECOS Y AROM\u00c0TICOS<\/strong><\/p>\n<p><strong>Portia Roble<\/strong>\u00a0\u2013 Bodegas Portia (Ribera del Duero) 14,50 \u20ac<br \/>\n<em>Tempranillo 100%. Crian\u00e7a de 4 mesos<\/em><\/p>\n<p><strong>Finca la Rinconda<\/strong>\u00a0\u2013 Barcolobo (Castilla i Le\u00f3n) 15,50 \u20ac<br \/>\n<em>Tinta fina 100%. Criat 6 mesos en barriques<\/em><\/p>\n<p><strong>Fraga do Corvo<\/strong>\u00a0\u2013 Fragas do Lecer (Monterrei-Gal\u00edcia) 16,50 \u20ac<br \/>\n<em>Menc\u00eda 100%. Criat 7 mesos en barrica de 500l<\/em><\/p>\n<p><strong>Protos<\/strong>\u00a0\u2013 Protos Bodega (Ribera del Duero) 29,00 \u20ac<br \/>\n<em>Tempranillo 100%<\/em><\/p>\n<p>&nbsp;<\/p>\n<p><strong>DE MEDIO CUERPO Y CON CRIANZA<\/strong><\/p>\n<p><strong>Eguren Ugarte Crianza<\/strong>\u2013 Familia Eguren Ugarte (Rioja) 13,80 \u20ac<br \/>\n<em>Tempranillo 90% i garnatxa. Criat 15 mesos en roure americ\u00e0<\/em><\/p>\n<p><strong>La Montesa crianza<\/strong>\u00a0\u2013 Palacios Remondo (Rioja) 19,80 \u20ac<br \/>\n<em>Garnatxa i tempranillo. Criat 12 mesos en barriques<\/em><\/p>\n<p><strong>Cillar de Silos<\/strong>\u00a0\u2013 Quintana del Pidio (Ribera del Duero) 23,50 \u20ac<br \/>\n<em>Tinta fina 100%. Criat 12 mesos en barriques<\/em><\/p>\n<p>&nbsp;<\/p>\n<p><strong>ELEGANTES Y COMPLEJOS<\/strong><\/p>\n<p><strong>Via XVIII<\/strong>\u00a0\u2013 Vi\u00f1as Somoza (Valdeorras) 19,50 \u20ac<br \/>\n<em>Menc\u00eda, tintorera i mouraton. Criat 9 mesos en barriques de 400 i 500 litres<\/em><\/p>\n<p><strong>XR Reserva de Marqu\u00e9s de Riscal<\/strong>\u00a0( Rioja ) 23,60 \u20ac<br \/>\n<em>Tempranillo 91%, graciano 9%, 24 mesos en barriques<\/em><\/p>\n<p><strong>Senda de Haro VS\u00a0<\/strong>\u2013 Bodega 220 C\u00e1ntaras (Rioja) 24,50 \u20ac<br \/>\n<em>Tempranillo 100%- Criat 18 mesos en roure franc\u00e8s<\/em><\/p>\n<p><strong>Tinto Pesquera<\/strong>\u00a0\u2013 Alejandro Fern\u00e1ndez (Ribera del Duero) 29,80 \u20ac<br \/>\n<em>Tinta fina 100%. Criat 18 mesos en barriques<\/em><\/p>\n<p><strong>Hacienda Monasterio<\/strong>\u00a0\u2013 (Ribera del Duero) 47,00 \u20ac<br \/>\n<em>Tinta fina. Cabernet sauvignon i merlot<\/em><\/p>\n<p><strong>Emilio Moro<\/strong>\u00a0\u2013 Bodegas Emilio Moro (Ribera del Duero) 28,80 \u20ac<br \/>\n<em>Tempranillo 100%<\/em><\/p>\n<p><strong>Pago de Capellanes<\/strong>\u00a0\u2013 (Ribera del Duero) 32,00 \u20ac<br \/>\n<em>Tempranillo 100%<\/em><\/p>\n<p><strong>Pago de Carraovejas<\/strong>\u00a0\u2013 (Ribera del Duero) 49,00 \u20ac<br \/>\n<em>Tinta fina, cabernet sauvignon i merlot<\/em><\/p>\n<p><strong>Alion<\/strong>\u00a0\u2013 Tempos vega sicilia (Ribera del Duero) 80,00 \u20ac<br \/>\n<em>Tinto fino 100%<\/em>[\/vc_column_text][\/vc_accordion_tab][vc_accordion_tab title=\u00bbUNA PINCELADA DE INTERNACIONALES\u00bb][vc_column_text]<b>FRANCIA<\/b><\/p>\n<p><strong>Les Quartz\u00a0<\/strong>\u2013 Clos du Caillou (C\u00f4tes du Rh\u00f4ne) 29,00 \u20ac<br \/>\n<em>Garnatxa 80% i syrah- ECO i BIO<\/em><\/p>\n<p><strong>Les Charmes de Daix<\/strong>\u00a0\u2013 Thierry Mortet (Bourgogne) 29,00 \u20ac<br \/>\n<em>Pinot noir 100%- ECO i BIO<\/em><\/p>\n<p><strong>FIXIN \u2018Crais de Ch\u00eane\u2019<\/strong>\u00a0\u2013 Fr\u00e9d\u00e9ric Magnien (Bourgogne) 43,50 \u20ac<br \/>\n<em>Pinot noir 100%- ECO i BIO<\/em><\/p>\n<p>&nbsp;<\/p>\n<p><b>IT\u00c1LIA<\/b><\/p>\n<p><strong>Terre de Giumara<\/strong>\u00a0\u2013 Caruso &amp; Minini (Sic\u00edla) 14,50 \u20ac<br \/>\n<em>Nero d\u2019Avola 100%<\/em><\/p>\n<p><strong>Colli Senesi Chianti<\/strong>\u00a0\u2013 Vittorio Innocenti (Toscana) 17,50 \u20ac<br \/>\n<em>Sangiovese i canaiolo<\/em><\/p>\n<p><strong>Flori Barolo<\/strong>\u00a0\u2013 Araldica (Piemonte) 32,50 \u20ac<br \/>\n<em>Nebbiolo 100%<\/em>[\/vc_column_text][\/vc_accordion_tab][\/vc_accordion][\/vc_column][vc_column width=\u00bb1\/2&#8243;]<div id=\"ultimate-heading-914569f46251b136f\" class=\"uvc-heading ult-adjust-bottom-margin ultimate-heading-914569f46251b136f uvc-1539 \" data-hspacer=\"no_spacer\"  data-halign=\"left\" style=\"text-align:left\"><div class=\"uvc-heading-spacer no_spacer\" style=\"top\"><\/div><div class=\"uvc-main-heading ult-responsive\"  data-ultimate-target='.uvc-heading.ultimate-heading-914569f46251b136f h3'  data-responsive-json-new='{\"font-size\":\"desktop:35px;tablet:35px;tablet_portrait:25px;mobile_landscape:35px;mobile:35px;\",\"line-height\":\"\"}' ><h3 style=\"--font-weight:theme;color:#674c41;\">LOS VINOS BLANCOS<\/h3><\/div><\/div>[vc_accordion active_tab=\u00bb9&#8243; collapsible=\u00bbyes\u00bb title_size=\u00bbh3&#8243; style=\u00bb2&#8243;][vc_accordion_tab title=\u00bbDE TIERRAS CATALANAS\u00bb][vc_column_text css=\u00bb.vc_custom_1644935688344{padding-top: 3% !important;padding-right: 5% !important;padding-bottom: 3% !important;padding-left: 5% !important;}\u00bb]<\/p>\n<p style=\"text-align: left;\"><strong>LIGEROS, FRESCOS Y AROM\u00c1TICOS<\/strong><\/p>\n<p><strong>S\u00e0tirs<\/strong>\u00a0\u2013 Arch\u00e9 Pag\u00e8s (Empord\u00e0) \u201313,80 \u20ac<br \/>\n<em>Macabeu 100%<\/em><\/p>\n<p>\u2013<br \/>\n<strong>Jardins blanc<\/strong>\u00a0\u2013 Perelada (Empord\u00e0) \u2013 13,80 \u20ac<br \/>\n<em>Macabeu, sauvignon blanc, garnatxa blanca i garnatxa negra<\/em><\/p>\n<p>\u2013<br \/>\n<strong>Verd Albera<\/strong>\u00a0\u2013 Mart\u00ed Fabra (Empord\u00e0) \u2013 15,25 \u20ac<br \/>\n<em>Chardonnay, garnatxa blanca i moscatell de gra petit<\/em><\/p>\n<p>\u2013<br \/>\n<strong>Mar<\/strong>\u00a0\u2013 Mas Oller (Empord\u00e0) \u2013 16,95 \u20ac<br \/>\n<em>Picapoll i malvasia<\/em><\/p>\n<p>\u2013<br \/>\n<strong>Guillamina<\/strong>\u00a0\u2013 Cercavins (Costers del Segre) \u2013 13,80 \u20ac<br \/>\n<em>Sauvignon blanc, chardonnay, gew\u00fcrztraminer i albarinyo<\/em><\/p>\n<p>\u2013<br \/>\n<strong>Pomell de blancs<\/strong>\u00a0\u2013 Mas comtal (Pened\u00e8s) \u2013 14,50 \u20ac<br \/>\n<em>Xarel\u00b7lo i chardonnay. Ecol\u00f2gic certificat i apte per Vegans<\/em><\/p>\n<p>\u2013<br \/>\n<strong>WHITE<\/strong>\u00a0\u2013 Heretat Mont Rub\u00ed (Pened\u00e8s) \u2013 16,00 \u20ac<br \/>\n<em>Xarel\u00b7lo 100%. Crian\u00e7a en lies<\/em><\/p>\n<p>\u2013<br \/>\n<strong>Amor Propi<\/strong>\u00a0\u2013 Mas de Sant Iscle (Pla de Bages) 16,00 \u20ac<br \/>\n<em>Picapoll i sauvignon blanc<\/em><\/p>\n<p>\u2013<br \/>\n<strong>La Nansa<\/strong>\u00a0\u2013 Pinord (Pened\u00e8s) 13,75 \u20ac<br \/>\n<em>Chardonnay i macabeu. Vi d\u2019agulla<\/em><\/p>\n<p>&nbsp;<\/p>\n<p style=\"text-align: left;\"><strong>DE MEDIO CUERPO Y AROM\u00c1TICOS<\/strong><\/p>\n<p><strong>Vida en Blanc<\/strong>\u00a0\u2013 Mas Vida (Empord\u00e0) 18,50 \u20ac<br \/>\n<em>Chardonnay i sauvignon blanc. Agricultura ecol\u00f2gica<\/em><\/p>\n<p>\u2013<br \/>\n<strong>Intranurs Monestir de Poblet<\/strong>\u00a0(Conca de Barber\u00e0) 15,50 \u20ac<br \/>\n<em>Chardonnay, Sauvignon blanc i Macabeu<\/em><\/p>\n<p>\u2013<br \/>\n<strong>El Dimoni Blanc<\/strong>\u00a0\u2013 Alella Vin\u00edcola (Alella) 17,60 \u20ac<br \/>\n<em>Pansa blanca 100%- Fermentaci\u00f3 i semicrian\u00e7a en roure franc\u00e8s<\/em><\/p>\n<p>\u2013<br \/>\n<strong>Coll de la Sitja\u00a0<\/strong>\u2013 L\u2019 Apical (Pened\u00e8s) 16,50 \u20ac<br \/>\n<em>Macabeu 100%- Criat 6 mesos en roure franc\u00e8s<\/em><\/p>\n<p>\u2013<br \/>\n<strong>Principia Mathematica<\/strong>\u2013 Alemany i Corri\u00f3 (Pened\u00e8s) 22,80 \u20ac<br \/>\n<em>Xarel\u00b7lo 100%. Crian\u00e7a parcial durant 6 mesos en roure franc\u00e8s<\/em><\/p>\n<p>&nbsp;<\/p>\n<p><strong>ELEGANTES Y COMPLEJOS<\/strong><\/p>\n<p><strong>Cam\u00ed de Cormes<\/strong>\u00a0\u2013 Roig Parals (Empord\u00e0) 24,50 \u20ac<br \/>\n<em>Vinyes velles de macabeu i garnatxa blanca. Fermentaci\u00f3 i crian\u00e7a de 3 mesos en roure franc\u00e8s<\/em><\/p>\n<p>\u2013<br \/>\n<strong>Joana Rigau Ros<\/strong>\u00a0\u2013 Grup Oliveda (Empord\u00e0) 19,50 \u20ac<br \/>\n<em>Chardonnay 100%. Fermentaci\u00f3 en bota de roure franc\u00e8s<\/em><\/p>\n<p>\u2013<br \/>\n<strong>Ekam<\/strong>\u00a0\u2013 Castell d\u2019Enc\u00fas (Costers del Segre) 33,00 \u20ac<br \/>\n<em>Riesling 85% i Albarinyo 15%<\/em><\/p>\n<p>\u2013<br \/>\n<strong>Nuat<\/strong>\u00a0\u2013 Abadal (Pla de Bages) 35,00 \u20ac<br \/>\n<em>Picapoll 100%. Deu mesos sobre lies<\/em>[\/vc_column_text][\/vc_accordion_tab][vc_accordion_tab title=\u00bbBLANCOS NACIONALES\u00bb][vc_column_text]<strong>FRECOS Y AROM\u00c1TICOS<\/strong><\/p>\n<p><strong>Cam\u00ed de Cormes<\/strong>\u00a0\u2013 Roig Parals (Empord\u00e0) 24,50 \u20ac<br \/>\n<em>Vinyes velles de macabeu i garnatxa blanca. Fermentaci\u00f3 i crian\u00e7a de 3 mesos en roure franc\u00e8s<\/em><\/p>\n<p><strong>Joana Rigau Ros<\/strong>\u00a0\u2013 Grup Oliveda (Empord\u00e0) 19,50 \u20ac<br \/>\n<em>Chardonnay 100%. Fermentaci\u00f3 en bota de roure franc\u00e8s<\/em><\/p>\n<p><strong>Ekam<\/strong>\u00a0\u2013 Castell d\u2019Enc\u00fas (Costers del Segre) 33,00 \u20ac<br \/>\n<em>Riesling 85% i Albarinyo 15%<\/em><\/p>\n<p><strong>Nuat<\/strong>\u00a0\u2013 Abadal (Pla de Bages) 35,00 \u20ac<br \/>\n<em>Picapoll 100%. Deu mesos sobre lies<\/em><\/p>\n<p>&nbsp;<\/p>\n<p><strong>DE MEDIO CUERPO Y AROM\u00c1TICOS<\/strong><\/p>\n<p><strong>NENO<\/strong>\u00a0\u2013 Vi\u00f1a Somoza (Valdeorras) 18,50 \u20ac<br \/>\n<em>Godello 100%<\/em><\/p>\n<p><strong>ELEGANTS I COMPLEXES<\/strong><\/p>\n<p><strong>Telesc\u00f3pico<\/strong>\u00a0\u2013 Bodegas Frontonio (Arag\u00f3) 26,50 \u20ac<br \/>\n<em>Macabeu i garnatxa blanca- Criat 13 mesos en foudres de 2500L i barriques de 500L<\/em>[\/vc_column_text][\/vc_accordion_tab][vc_accordion_tab title=\u00bbUNA PINCELADA DE INTERNACIONALES\u00bb][vc_column_text]<b>ALEMANIA<\/b><\/p>\n<p><b>Dr Loosen Blau Schiefer Trocken<\/b>\u00a0\u2013 (Mosel) \u2013 21,50 \u20ac<\/p>\n<p><em>Riesling 100%<\/em><\/p>\n<p><b>JL Wolf Pechstein Sp\u00e4tlese Trocken<\/b>\u00a0\u2013 (Pfalz) \u2013 29,30 \u20ac<\/p>\n<p><em>Riesling 100%<\/em><\/p>\n<p>&nbsp;<\/p>\n<p><b>FRANCIA<\/b><\/p>\n<p><strong>Ville Blanche Viognier- Calmel &amp; Joseph<\/strong>\u00a0(Languedoc) 17,00 \u20ac<br \/>\n<em>Viognier 100%<\/em><\/p>\n<p><strong>Colette Gros Chablis<\/strong>\u00a0\u2013 (Bourgogne) 26,75 \u20ac<br \/>\n<em>Chardonnay 100%<\/em><\/p>\n<p><strong>Domaine Miolane Chassagne Montrachet<\/strong>\u00a0\u2013 (Bourgogne) 49,20 \u20ac<br \/>\n<em>Chardonnay 100%<\/em><\/p>\n<p><strong>Henri Bourgeois sancerre La Vigne Blanche<\/strong>\u00a0\u2013 (Loire) 29,60 \u20ac<br \/>\n<em>Sauvignon blanc 100%<\/em>[\/vc_column_text][\/vc_accordion_tab][\/vc_accordion][\/vc_column][\/vc_row][vc_row][vc_column width=\u00bb1\/2&#8243; css=\u00bb.vc_custom_1612977584073{padding-top: 5% !important;padding-bottom: 5% !important;}\u00bb]<div id=\"ultimate-heading-781069f46251b13b0\" class=\"uvc-heading ult-adjust-bottom-margin ultimate-heading-781069f46251b13b0 uvc-8318 \" data-hspacer=\"no_spacer\"  data-halign=\"left\" style=\"text-align:left\"><div class=\"uvc-heading-spacer no_spacer\" style=\"top\"><\/div><div class=\"uvc-main-heading ult-responsive\"  data-ultimate-target='.uvc-heading.ultimate-heading-781069f46251b13b0 h3'  data-responsive-json-new='{\"font-size\":\"desktop:35px;tablet:35px;tablet_portrait:25px;mobile_landscape:35px;mobile:35px;\",\"line-height\":\"\"}' ><h3 style=\"--font-weight:theme;color:#674c41;\">LOS VINOS ROSADOS<\/h3><\/div><\/div>[vc_accordion active_tab=\u00bb9&#8243; collapsible=\u00bbyes\u00bb title_size=\u00bbh3&#8243; style=\u00bb2&#8243;][vc_accordion_tab title=\u00bbLIGEROS, FRESCOS Y AROM\u00c1TICOS\u00bb][vc_column_text css=\u00bb.vc_custom_1644935829350{padding-top: 3% !important;padding-right: 5% !important;padding-bottom: 3% !important;padding-left: 5% !important;}\u00bb]<strong>Tremendus clarete<\/strong>\u00a0\u2013 Bodegas 220 C\u00e1ntaras (Rioja) 12,00 \u20ac<br \/>\n<em>Viura i garnatxa<\/em><\/p>\n<p><strong>Gaintus One Night\u2019s Ros\u00e9<\/strong>\u00a0\u2013 Mont-rub\u00ed (Pened\u00e8s) 19,10 \u20ac<br \/>\n<em>Sumoll 100%. Fermentat i criat en ous de ciment<\/em>[\/vc_column_text][\/vc_accordion_tab][vc_accordion_tab title=\u00bbINTENSOS Y AROM\u00c1TICOS\u00bb][vc_column_text css=\u00bb.vc_custom_1644935842237{padding-top: 3% !important;padding-right: 5% !important;padding-bottom: 3% !important;padding-left: 5% !important;}\u00bb]<\/p>\n<div class=\"wpb_text_column wpb_content_element \">\n<div class=\"wpb_wrapper\">\n<p><strong>Rosat Merlot<\/strong>\u00a0\u2013 de Rovelats (Pened\u00e8s) 13,60 \u20ac<br \/>\n<em>Merlot 100%<\/em><\/p>\n<p><strong>Brunus Ros\u00e9<\/strong>\u00a0\u2013 Portal de Montsant (Montsant) 15,20 \u20ac<br \/>\n<em>Tempranillo 100%. Fermentat i criat 3 mesos en roure franc\u00e8s<\/em><\/p>\n<p><strong>Lacrimae Rerum<\/strong>\u00a0\u2013 Barcolobo (Ribera del Duero) 18,50 \u20ac<br \/>\n<em>Tempranillo 100%. Fermentat i criat 3 mesos en roure franc\u00e8s<\/em><\/p>\n<\/div>\n<\/div>\n<p>[\/vc_column_text][\/vc_accordion_tab][\/vc_accordion][\/vc_column][vc_column width=\u00bb1\/2&#8243; css=\u00bb.vc_custom_1613320444322{padding-top: 5% !important;padding-bottom: 5% !important;}\u00bb]<div id=\"ultimate-heading-925869f46251b13ee\" class=\"uvc-heading ult-adjust-bottom-margin ultimate-heading-925869f46251b13ee uvc-2245 \" data-hspacer=\"no_spacer\"  data-halign=\"left\" style=\"text-align:left\"><div class=\"uvc-heading-spacer no_spacer\" style=\"top\"><\/div><div class=\"uvc-main-heading ult-responsive\"  data-ultimate-target='.uvc-heading.ultimate-heading-925869f46251b13ee h3'  data-responsive-json-new='{\"font-size\":\"desktop:35px;tablet:35px;tablet_portrait:25px;mobile_landscape:35px;mobile:35px;\",\"line-height\":\"\"}' ><h3 style=\"--font-weight:theme;color:#674c41;\">LOS VINOS CON BURBUJAS<\/h3><\/div><\/div>[vc_accordion active_tab=\u00bb9&#8243; collapsible=\u00bbyes\u00bb title_size=\u00bbh3&#8243; style=\u00bb2&#8243;][vc_accordion_tab title=\u00bbBRUT\u00bb][vc_column_text css=\u00bb.vc_custom_1644935867278{padding-top: 3% !important;padding-right: 5% !important;padding-bottom: 3% !important;padding-left: 5% !important;}\u00bb]<b>Anna de Codorniu Blanc de Blancs Reserva\u00a0<\/b>\u2013 (Cava) \u2013 18,80\u20ac<\/p>\n<p><em>Chardonnay, xarel\u00b7lo, macabeu i parellada<\/em><\/p>\n<p>\u2013<\/p>\n<p><b>Pere Ventura Primer Reserva<\/b>\u00a0\u2013 (Cava) \u2013 20,00 \u20ac<\/p>\n<p><em>Xarel\u00b7lo, parellada i macabeu. Crian\u00e7a m\u00ednima de 36 mesos<\/em><\/p>\n<p>\u2013<\/p>\n<p><b>Gramona Imperial Gran Reserva<\/b>\u2013(Corpinnat) \u2013 29,00 \u20ac<\/p>\n<p><em>Xarel\u00b7lo, macabeu i chardonnay. Crian\u00e7a m\u00ednima de 36 mesos<\/em>[\/vc_column_text][\/vc_accordion_tab][vc_accordion_tab title=\u00bbBRUT RESERVA\u00bb][vc_column_text css=\u00bb.vc_custom_1644935883621{padding-top: 3% !important;padding-right: 5% !important;padding-bottom: 3% !important;padding-left: 5% !important;}\u00bb]<b>Rovellats Premier\u00a0<\/b>\u00a0\u2013 (Cava) \u2013\u00a015,25 \u20ac<\/p>\n<p><em>Macabeu 15% i parellada 85% Crian\u00e7a m\u00ednima de 15 mesos<\/em><\/p>\n<p>\u2013<\/p>\n<p><b>Rimarts Reserva 24\u00a0<\/b>\u2013 (Cava) \u2013 17,80 \u20ac<\/p>\n<p><em>Macabeu, parellada i xarel\u00b7lo. Crian\u00e7a m\u00ednima de 24 mesos<\/em><\/p>\n<p>\u2013<\/p>\n<p><strong>Raimat El Cim Del Turo Reserva\u00a0<\/strong>\u2013 (Cava) \u2013 19,50 \u20ac<br \/>\n<em>Chardonnay 70% i Pinoir noir 30%. Crian\u00e7a m\u00ednima de 15 mesos.<\/em><\/p>\n<p>\u2013<\/p>\n<p><strong>El Mural<\/strong>\u00a0de Vendrell Olivella- (Escum\u00f3s tradicional) \u2013 22,80 \u20ac<br \/>\n<em>Xarel.lo 100%- Crian\u00e7a m\u00ednma de 36 mesos<\/em><\/p>\n<p>\u2013<\/p>\n<p><strong>Rimarts Reserva Especial Chardonnay<\/strong>\u00a0\u2013 (Cava) \u2013 27,80 \u20ac<br \/>\n<em>Chardonnay 100%. Crian\u00e7a m\u00ednima de 60 mesos<\/em><\/p>\n<p>\u2013<\/p>\n<p><b>Juv\u00e9 &amp; Camps Reserva de la fam\u00edlia<\/b>\u00a0\u2013 (Cava) \u2013 29,50 \u20ac<\/p>\n<p><em>Xarel\u00b7lo, macabeu i parellada. Crian\u00e7a m\u00ednima de 36 mesos<\/em><\/p>\n<p>\u2013<\/p>\n<p><b>Maria Casanovas Gran Reserva<\/b>\u00a0\u2013 (Cava) \u2013 34,00 \u20ac<\/p>\n<p><em>Xarel\u00b7lo i macabeu. Crian\u00e7a m\u00ednima de 96 mesos (8 anys)<\/em><\/p>\n<p>\u2013<\/p>\n<p><strong>Recaredo Terrers Gran Reserva<\/strong>\u00a0\u2013 (Corpinnat) \u2013 32,50 \u20ac<br \/>\n<em>Xarel\u00b7lo, macabeu i chardonnay. Crian\u00e7a m\u00ednima de 36 mesos<\/em>[\/vc_column_text][\/vc_accordion_tab][vc_accordion_tab title=\u00bbROSADO\u00bb][vc_column_text css=\u00bb.vc_custom_1644935896309{padding-top: 3% !important;padding-right: 5% !important;padding-bottom: 3% !important;padding-left: 5% !important;}\u00bb]<b>Ravent\u00f3s i Blanc \u2018\u2019 de Nit\u2019\u2019<\/b>\u00a0\u2013 (Cava) \u2013 23,70 \u20ac<\/p>\n<p><em>Macabeu, xarel\u00b7lo, parellada i monastrell<\/em><\/p>\n<p>\u2013<\/p>\n<p><b>Llopart Microcosmos Brut Nature Reserva\u00a0<\/b>\u2013 (Corpinat) \u2013 24,50 \u20ac<\/p>\n<p><em>Pinot noir i monastrell. Crian\u00e7a m\u00ednima de 24 mesos<\/em><\/p>\n<p>\u2013<\/p>\n<p><strong>Rovellats Brut Rose<\/strong>\u00a0\u2013 (Cava) \u2013 19,50 \u20ac<br \/>\n<em>Garnatxa negra i monastrell<\/em>[\/vc_column_text][\/vc_accordion_tab][vc_accordion_tab title=\u00bbCHAMPAGNES\u00bb][vc_column_text css=\u00bb.vc_custom_1644935911532{padding-top: 3% !important;padding-right: 5% !important;padding-bottom: 3% !important;padding-left: 5% !important;}\u00bb]<strong>L\u2019Indispensable\u00a0<\/strong>\u2013 Franck Ellner \u2013 38.50 \u20ac<\/p>\n<p>Chardonnay, pinot noir i pinot meunier<\/p>\n<p>\u2013<br \/>\n<strong>Chouilly Mag16 Grand Cru Blanc de Blancs\u00a0<\/strong>\u2013 AR Lenoble \u2013 49,50 \u20ac<br \/>\nChardonnay 100% Assemblatge de tres anyades i els vins de reserva envelleixen en format magnum<\/p>\n<p>\u2013<br \/>\n<strong>Ros\u00e9 Terroirs de Bisseuil<\/strong>\u00a0\u2013 AR Lenoble \u2013 49,50 \u20ac<br \/>\nPinot noir i chardonnay[\/vc_column_text][\/vc_accordion_tab][\/vc_accordion][\/vc_column][\/vc_row][vc_row full_width=\u00bbstretch_row_content_no_spaces\u00bb content_placement=\u00bbmiddle\u00bb css=\u00bb.vc_custom_1616736556080{background-color: #e2e2e2 !important;}\u00bb][vc_column][vc_row_inner][vc_column_inner width=\u00bb1\/2&#8243;]<div class=\" ubtn-ctn-center \"><a class=\"ubtn-link ult-adjust-bottom-margin ubtn-center ubtn-large \" href=\"https:\/\/lamoixina.com\/es\/cartas-restaurante\/\" title=\"Carta i men\u00fas\" ><button type=\"button\" id=\"ubtn-9662\"  class=\"ubtn ult-adjust-bottom-margin ult-responsive ubtn-large ubtn-fade-bg  ulta-grow  ubtn-sep-icon ubtn-sep-icon-at-left  ubtn-center   tooltip-69f46251b142a\"  data-hover=\"#ffffff\" data-border-color=\"\" data-bg=\"#95493c\" data-hover-bg=\"#936055\" data-border-hover=\"\" data-shadow-hover=\"\" data-shadow-click=\"none\" data-shadow=\"\" data-shd-shadow=\"\"  data-ultimate-target='#ubtn-9662'  data-responsive-json-new='{\"font-size\":\"\",\"line-height\":\"\"}'  style=\"font-family:&#039;Montserrat&#039;;font-weight:300;border:none;background: #95493c;color: #ffffff;\"><span class=\"ubtn-data ubtn-icon\"><i class=\"icomoon-the7-font-the7-arrow-28\" style=\"font-size:12px;color:#ffffff;\"><\/i><\/span><span class=\"ubtn-hover\" style=\"background-color:#936055\"><\/span><span class=\"ubtn-data ubtn-text \" >VUELVE A CARTA Y MEN\u00daS<\/span><\/button><\/a><\/div>[\/vc_column_inner][vc_column_inner width=\u00bb1\/2&#8243;]<div class=\" ubtn-ctn-center \"><a class=\"ubtn-link ult-adjust-bottom-margin ubtn-center ubtn-large \" href=\"https:\/\/www.cuinavolcanica.cat\/ca\/restaurants\/restaurant-font-moixina\" title=\"Carta i men\u00fas\" target=\"_blank\" rel=\"noopener\" ><button type=\"button\" id=\"ubtn-2606\"  class=\"ubtn ult-adjust-bottom-margin ult-responsive ubtn-large ubtn-fade-bg  ulta-grow  ubtn-sep-icon ubtn-sep-icon-at-left  ubtn-center   tooltip-69f46251b14a3\"  data-hover=\"#ffffff\" data-border-color=\"\" data-bg=\"#95493c\" data-hover-bg=\"#936055\" data-border-hover=\"\" data-shadow-hover=\"\" data-shadow-click=\"none\" data-shadow=\"\" data-shd-shadow=\"\"  data-ultimate-target='#ubtn-2606'  data-responsive-json-new='{\"font-size\":\"\",\"line-height\":\"\"}'  style=\"font-family:&#039;Montserrat&#039;;font-weight:300;border:none;background: #95493c;color: #ffffff;\"><span class=\"ubtn-data ubtn-icon\"><i class=\"icomoon-the7-font-the7-cart-00\" style=\"font-size:12px;color:#ffffff;\"><\/i><\/span><span class=\"ubtn-hover\" style=\"background-color:#936055\"><\/span><span class=\"ubtn-data ubtn-text \" >REGALAR UNA COMIDA PARA 2 PERSONAS<\/span><\/button><\/a><\/div>[\/vc_column_inner][\/vc_row_inner][\/vc_column][\/vc_row]<\/p>\n<\/div>","protected":false},"excerpt":{"rendered":"<p>[vc_row full_width=\u00bbstretch_row_content_no_spaces\u00bb gap=\u00bb5&#8243; equal_height=\u00bbyes\u00bb css=\u00bb.vc_custom_1612978271544{margin-top: 0px !important;margin-right: 0px !important;margin-bottom: 0px !important;margin-left: 0px !important;border-top-width: 0px !important;border-right-width: 0px !important;border-bottom-width: 0px !important;border-left-width: 0px !important;padding-top: 0px !important;padding-right: 0px !important;padding-bottom: 0px !important;padding-left: 0px !important;background-color: #ffffff !important;background-position: 0 0 !important;background-repeat: no-repeat !important;}\u00bb][vc_column css=\u00bb.vc_custom_1616762595981{margin-top: 0px !important;margin-right: 0px !important;margin-bottom: 0px !important;margin-left: 0px !important;border-top-width: 0px !important;border-right-width: 0px !important;border-bottom-width: 0px !important;border-left-width: 0px !important;padding-top: 10% !important;padding-right:&hellip;<\/p>\n","protected":false},"author":1,"featured_media":0,"parent":2061,"menu_order":5,"comment_status":"closed","ping_status":"closed","template":"","meta":{"footnotes":""},"class_list":["post-2103","page","type-page","status-publish","hentry","description-off"],"yoast_head":"<!-- This site is optimized with the Yoast SEO plugin v27.2 - https:\/\/yoast.com\/product\/yoast-seo-wordpress\/ -->\n<title>La Bodega - La Moixina<\/title>\n<meta name=\"robots\" content=\"index, follow, max-snippet:-1, max-image-preview:large, max-video-preview:-1\" \/>\n<link rel=\"canonical\" href=\"https:\/\/lamoixina.com\/es\/cartas-restaurante\/bodega\/\" \/>\n<meta property=\"og:locale\" content=\"es_ES\" \/>\n<meta property=\"og:type\" content=\"article\" \/>\n<meta property=\"og:title\" content=\"La Bodega - La Moixina\" \/>\n<meta property=\"og:description\" content=\"[vc_row full_width=\u00bbstretch_row_content_no_spaces\u00bb gap=\u00bb5&#8243; equal_height=\u00bbyes\u00bb css=\u00bb.vc_custom_1612978271544{margin-top: 0px !important;margin-right: 0px !important;margin-bottom: 0px !important;margin-left: 0px !important;border-top-width: 0px !important;border-right-width: 0px !important;border-bottom-width: 0px !important;border-left-width: 0px !important;padding-top: 0px !important;padding-right: 0px !important;padding-bottom: 0px !important;padding-left: 0px !important;background-color: #ffffff !important;background-position: 0 0 !important;background-repeat: no-repeat !important;}\u00bb][vc_column css=\u00bb.vc_custom_1616762595981{margin-top: 0px !important;margin-right: 0px !important;margin-bottom: 0px !important;margin-left: 0px !important;border-top-width: 0px !important;border-right-width: 0px !important;border-bottom-width: 0px !important;border-left-width: 0px !important;padding-top: 10% !important;padding-right:&hellip;\" \/>\n<meta property=\"og:url\" content=\"https:\/\/lamoixina.com\/es\/cartas-restaurante\/bodega\/\" \/>\n<meta property=\"og:site_name\" content=\"La Moixina\" \/>\n<meta property=\"article:modified_time\" content=\"2022-02-15T14:38:33+00:00\" \/>\n<meta name=\"twitter:card\" content=\"summary_large_image\" \/>\n<meta name=\"twitter:label1\" content=\"Tiempo de lectura\" \/>\n\t<meta name=\"twitter:data1\" content=\"8 minutos\" \/>\n<script type=\"application\/ld+json\" class=\"yoast-schema-graph\">{\"@context\":\"https:\/\/schema.org\",\"@graph\":[{\"@type\":\"WebPage\",\"@id\":\"https:\/\/lamoixina.com\/es\/cartas-restaurante\/bodega\/\",\"url\":\"https:\/\/lamoixina.com\/es\/cartas-restaurante\/bodega\/\",\"name\":\"La Bodega - La Moixina\",\"isPartOf\":{\"@id\":\"https:\/\/lamoixina.com\/es\/#website\"},\"datePublished\":\"2021-02-14T14:48:55+00:00\",\"dateModified\":\"2022-02-15T14:38:33+00:00\",\"breadcrumb\":{\"@id\":\"https:\/\/lamoixina.com\/es\/cartas-restaurante\/bodega\/#breadcrumb\"},\"inLanguage\":\"es\",\"potentialAction\":[{\"@type\":\"ReadAction\",\"target\":[\"https:\/\/lamoixina.com\/es\/cartas-restaurante\/bodega\/\"]}]},{\"@type\":\"BreadcrumbList\",\"@id\":\"https:\/\/lamoixina.com\/es\/cartas-restaurante\/bodega\/#breadcrumb\",\"itemListElement\":[{\"@type\":\"ListItem\",\"position\":1,\"name\":\"Inici\",\"item\":\"https:\/\/lamoixina.com\/es\/\"},{\"@type\":\"ListItem\",\"position\":2,\"name\":\"CARTAS RESTAURANTE LA MOXINA\",\"item\":\"https:\/\/lamoixina.com\/es\/cartas-restaurante\/\"},{\"@type\":\"ListItem\",\"position\":3,\"name\":\"La Bodega\"}]},{\"@type\":\"WebSite\",\"@id\":\"https:\/\/lamoixina.com\/es\/#website\",\"url\":\"https:\/\/lamoixina.com\/es\/\",\"name\":\"La Moixina\",\"description\":\"Restaurant Olot de Cuina Volc\u00e0nica\",\"publisher\":{\"@id\":\"https:\/\/lamoixina.com\/es\/#organization\"},\"potentialAction\":[{\"@type\":\"SearchAction\",\"target\":{\"@type\":\"EntryPoint\",\"urlTemplate\":\"https:\/\/lamoixina.com\/es\/?s={search_term_string}\"},\"query-input\":{\"@type\":\"PropertyValueSpecification\",\"valueRequired\":true,\"valueName\":\"search_term_string\"}}],\"inLanguage\":\"es\"},{\"@type\":\"Organization\",\"@id\":\"https:\/\/lamoixina.com\/es\/#organization\",\"name\":\"La Moixina\",\"url\":\"https:\/\/lamoixina.com\/es\/\",\"logo\":{\"@type\":\"ImageObject\",\"inLanguage\":\"es\",\"@id\":\"https:\/\/lamoixina.com\/es\/#\/schema\/logo\/image\/\",\"url\":\"https:\/\/lamoixina.com\/wp-content\/uploads\/2020\/12\/MoixinaM@2.png\",\"contentUrl\":\"https:\/\/lamoixina.com\/wp-content\/uploads\/2020\/12\/MoixinaM@2.png\",\"width\":300,\"height\":140,\"caption\":\"La Moixina\"},\"image\":{\"@id\":\"https:\/\/lamoixina.com\/es\/#\/schema\/logo\/image\/\"}}]}<\/script>\n<!-- \/ Yoast SEO plugin. -->","yoast_head_json":{"title":"La Bodega - La Moixina","robots":{"index":"index","follow":"follow","max-snippet":"max-snippet:-1","max-image-preview":"max-image-preview:large","max-video-preview":"max-video-preview:-1"},"canonical":"https:\/\/lamoixina.com\/es\/cartas-restaurante\/bodega\/","og_locale":"es_ES","og_type":"article","og_title":"La Bodega - La Moixina","og_description":"[vc_row full_width=\u00bbstretch_row_content_no_spaces\u00bb gap=\u00bb5&#8243; equal_height=\u00bbyes\u00bb css=\u00bb.vc_custom_1612978271544{margin-top: 0px !important;margin-right: 0px !important;margin-bottom: 0px !important;margin-left: 0px !important;border-top-width: 0px !important;border-right-width: 0px !important;border-bottom-width: 0px !important;border-left-width: 0px !important;padding-top: 0px !important;padding-right: 0px !important;padding-bottom: 0px !important;padding-left: 0px !important;background-color: #ffffff !important;background-position: 0 0 !important;background-repeat: no-repeat !important;}\u00bb][vc_column css=\u00bb.vc_custom_1616762595981{margin-top: 0px !important;margin-right: 0px !important;margin-bottom: 0px !important;margin-left: 0px !important;border-top-width: 0px !important;border-right-width: 0px !important;border-bottom-width: 0px !important;border-left-width: 0px !important;padding-top: 10% !important;padding-right:&hellip;","og_url":"https:\/\/lamoixina.com\/es\/cartas-restaurante\/bodega\/","og_site_name":"La Moixina","article_modified_time":"2022-02-15T14:38:33+00:00","twitter_card":"summary_large_image","twitter_misc":{"Tiempo de lectura":"8 minutos"},"schema":{"@context":"https:\/\/schema.org","@graph":[{"@type":"WebPage","@id":"https:\/\/lamoixina.com\/es\/cartas-restaurante\/bodega\/","url":"https:\/\/lamoixina.com\/es\/cartas-restaurante\/bodega\/","name":"La Bodega - La Moixina","isPartOf":{"@id":"https:\/\/lamoixina.com\/es\/#website"},"datePublished":"2021-02-14T14:48:55+00:00","dateModified":"2022-02-15T14:38:33+00:00","breadcrumb":{"@id":"https:\/\/lamoixina.com\/es\/cartas-restaurante\/bodega\/#breadcrumb"},"inLanguage":"es","potentialAction":[{"@type":"ReadAction","target":["https:\/\/lamoixina.com\/es\/cartas-restaurante\/bodega\/"]}]},{"@type":"BreadcrumbList","@id":"https:\/\/lamoixina.com\/es\/cartas-restaurante\/bodega\/#breadcrumb","itemListElement":[{"@type":"ListItem","position":1,"name":"Inici","item":"https:\/\/lamoixina.com\/es\/"},{"@type":"ListItem","position":2,"name":"CARTAS RESTAURANTE LA MOXINA","item":"https:\/\/lamoixina.com\/es\/cartas-restaurante\/"},{"@type":"ListItem","position":3,"name":"La Bodega"}]},{"@type":"WebSite","@id":"https:\/\/lamoixina.com\/es\/#website","url":"https:\/\/lamoixina.com\/es\/","name":"La Moixina","description":"Restaurant Olot de Cuina Volc\u00e0nica","publisher":{"@id":"https:\/\/lamoixina.com\/es\/#organization"},"potentialAction":[{"@type":"SearchAction","target":{"@type":"EntryPoint","urlTemplate":"https:\/\/lamoixina.com\/es\/?s={search_term_string}"},"query-input":{"@type":"PropertyValueSpecification","valueRequired":true,"valueName":"search_term_string"}}],"inLanguage":"es"},{"@type":"Organization","@id":"https:\/\/lamoixina.com\/es\/#organization","name":"La Moixina","url":"https:\/\/lamoixina.com\/es\/","logo":{"@type":"ImageObject","inLanguage":"es","@id":"https:\/\/lamoixina.com\/es\/#\/schema\/logo\/image\/","url":"https:\/\/lamoixina.com\/wp-content\/uploads\/2020\/12\/MoixinaM@2.png","contentUrl":"https:\/\/lamoixina.com\/wp-content\/uploads\/2020\/12\/MoixinaM@2.png","width":300,"height":140,"caption":"La Moixina"},"image":{"@id":"https:\/\/lamoixina.com\/es\/#\/schema\/logo\/image\/"}}]}},"_links":{"self":[{"href":"https:\/\/lamoixina.com\/es\/wp-json\/wp\/v2\/pages\/2103","targetHints":{"allow":["GET"]}}],"collection":[{"href":"https:\/\/lamoixina.com\/es\/wp-json\/wp\/v2\/pages"}],"about":[{"href":"https:\/\/lamoixina.com\/es\/wp-json\/wp\/v2\/types\/page"}],"author":[{"embeddable":true,"href":"https:\/\/lamoixina.com\/es\/wp-json\/wp\/v2\/users\/1"}],"replies":[{"embeddable":true,"href":"https:\/\/lamoixina.com\/es\/wp-json\/wp\/v2\/comments?post=2103"}],"version-history":[{"count":9,"href":"https:\/\/lamoixina.com\/es\/wp-json\/wp\/v2\/pages\/2103\/revisions"}],"predecessor-version":[{"id":2814,"href":"https:\/\/lamoixina.com\/es\/wp-json\/wp\/v2\/pages\/2103\/revisions\/2814"}],"up":[{"embeddable":true,"href":"https:\/\/lamoixina.com\/es\/wp-json\/wp\/v2\/pages\/2061"}],"wp:attachment":[{"href":"https:\/\/lamoixina.com\/es\/wp-json\/wp\/v2\/media?parent=2103"}],"curies":[{"name":"wp","href":"https:\/\/api.w.org\/{rel}","templated":true}]}}